{"id":1120,"date":"2017-03-18T21:46:11","date_gmt":"2017-03-18T20:46:11","guid":{"rendered":"http:\/\/serwer1646903.home.pl\/lo1\/?page_id=1120"},"modified":"2025-05-29T11:59:36","modified_gmt":"2025-05-29T09:59:36","slug":"zfss","status":"publish","type":"page","link":"https:\/\/lo1.szczecin.pl\/index.php\/o-szkole\/zfss\/","title":{"rendered":"Fundusz socjalny"},"content":{"rendered":"<p><strong>Terminy sk\u0142adania wniosk\u00f3w:<\/strong><\/p>\n<ul>\n<li>o przyznanie \u015bwiadczenia na Bo\u017ce Narodzenie do 15 listopada ka\u017cdego roku<\/li>\n<li>o przyznanie \u015bwiadczenia na wypoczynek letni do 15 maja ka\u017cdego roku<\/li>\n<\/ul>\n<p>Aby otrzyma\u0107 \u015bwiadczenie, nale\u017cy wype\u0142niony poprawnie wniosek dostarczy\u0107 do sekretariatu szko\u0142y.W przypadku zmiany numeru konta prosimy o podanie go we wniosku.<\/p>\n<p><strong>W przypadku jakichkolwiek trudno\u015bci lub w\u0105tpliwo\u015bci s\u0142u\u017cymy pomoc\u0105 pod numerem<br \/>\ntel.91 484 18 72<\/strong><span style=\"color: #2e74b5;\"><br \/>\n<\/span><\/p>\n<p><strong>REGULAMIN\u00a0<\/strong> &#8211;\u00a0<a href=\"http:\/\/lo1.szczecin.pl\/wp-content\/uploads\/2019\/04\/Regulamin-ZF\u015aS.pdf\">Regulamin ZF\u015aS<\/a><\/p>\n<h3><span style=\"text-decoration: underline;\"><strong>WZORY WNIOSK\u00d3W:<\/strong><\/span><\/h3>\n<p><strong>PRACOWNICY:<\/strong><\/p>\n<ul>\n<li>Po\u017cyczka mieszkaniowa (wniosek) &#8211;<a href=\"http:\/\/lo1.szczecin.pl\/wp-content\/uploads\/2019\/06\/Za\u0142.nr-1-po\u017cyczka-wniosek-1.pdf\">Za\u0142.nr 1 po\u017cyczka wniosek<\/a><\/li>\n<li>Po\u017cyczka mieszkaniowa (umowa) &#8211;<a href=\"http:\/\/lo1.szczecin.pl\/wp-content\/uploads\/2019\/06\/Za\u0142.-nr-1-po\u017cyczka-umowa-1.pdf\">Za\u0142. nr 1a po\u017cyczka umowa<\/a><\/li>\n<li>Wypoczynek (pracownik) &#8211; <a href=\"https:\/\/lo1.szczecin.pl\/wp-content\/uploads\/2025\/01\/Zal.-nr-2-wypoczynek-1.pdf\">Za\u0142. nr 2 <\/a><\/li>\n<li>Wypoczynek (dzieci pracownika) &#8211; <a href=\"https:\/\/lo1.szczecin.pl\/wp-content\/uploads\/2024\/12\/Zal.-nr-3-aktualne.pdf\">Za\u0142. nr 3 <\/a><\/li>\n<li>Miko\u0142ajki &#8211; <a href=\"https:\/\/lo1.szczecin.pl\/wp-content\/uploads\/2024\/12\/Zal.-nr-4-aktualne.pdf\">Za\u0142. nr 4<\/a><\/li>\n<li>Bo\u017ce Narodzenie- \u00a0<a href=\"https:\/\/lo1.szczecin.pl\/wp-content\/uploads\/2024\/12\/Zal.-nr-5-aktualne.pdf\">Za\u0142. nr 5 <\/a><\/li>\n<li>Wyjazd &#8211; <a href=\"https:\/\/lo1.szczecin.pl\/wp-content\/uploads\/2024\/12\/Zal.-nr-6-aktualne.pdf\">Za\u0142. nr 6 <\/a><\/li>\n<li>Sport\/kultura &#8211; <a href=\"https:\/\/lo1.szczecin.pl\/wp-content\/uploads\/2024\/12\/Zal.-nr-7-aktualne.pdf\">Za\u0142. nr 7 <\/a><\/li>\n<li>Zapomogi &#8211; <a href=\"https:\/\/lo1.szczecin.pl\/wp-content\/uploads\/2025\/01\/Zal.-nr-8-zapomogi1.pdf\">Za\u0142. nr 8 zapomogi <\/a><\/li>\n<\/ul>\n<p><!--more--><\/p>\n<p><!--more--><\/p>\n<p><!--more--><\/p>\n<p><!--more--><\/p>\n<p><!--more--><\/p>\n<p><!--more--><\/p>\n<p><strong>KOMISJA ZDROWIA<br \/>\nW celu otrzymania pomocy, warunkiem jest z\u0142o\u017cenie wniosku przez nauczyciela wraz z wymaganymi dokumentami w terminach:<br \/>\n&#8211; do dnia 30 czerwca danego roku<\/strong><\/p>\n<ul>\n<li><strong><a href=\"https:\/\/lo1.szczecin.pl\/wp-content\/uploads\/2025\/05\/Wniosek-o-przyznanie-pomocy-Szczecin-24.03.2025.pdf\">Wniosek o przyznanie pomocy <\/a><\/strong><\/li>\n<li><a href=\"https:\/\/lo1.szczecin.pl\/wp-content\/uploads\/2025\/05\/POMOC-ZDROWOTNA-DLA-NAUCZYCIELI-pytania-i-odpowiedzi.pdf\">POMOC ZDROWOTNA DLA NAUCZYCIELI- pytania i odpowiedzi<\/a><\/li>\n<li><a href=\"https:\/\/lo1.szczecin.pl\/wp-content\/uploads\/2025\/05\/Klauzula-fundusz-zdrowia.pdf\">Klauzula fundusz zdrowia<\/a><\/li>\n<li>Uchwa\u0142a Rady Miasta w sprawie pomocy zdrowotnej dla nauczycieli &#8211;<a href=\"https:\/\/lo1.szczecin.pl\/wp-content\/uploads\/2025\/05\/Uchwala-RM-Zdrowie.pdf\">Uchwa\u0142a RM Zdrowie<\/a><\/li>\n<\/ul>\n<p><!--more--><\/p>\n<p><strong>EMERYCI \/ RENCI\u015aCI:<\/strong><\/p>\n<ul>\n<li>Po\u017cyczka mieszkaniowa (wniosek) &#8211;<a href=\"http:\/\/lo1.szczecin.pl\/wp-content\/uploads\/2019\/06\/Za\u0142.-nr-1-po\u017cyczka-wniosek.pdf\">Za\u0142. nr 1 po\u017cyczka wniosek<\/a><\/li>\n<li>Po\u017cyczka (umowa) &#8211;<a href=\"http:\/\/lo1.szczecin.pl\/wp-content\/uploads\/2019\/06\/Za\u0142.-nr-1-po\u017cyczka-umowa.pdf\">Za\u0142. nr 1a po\u017cyczka umowa<\/a><\/li>\n<li>Wypoczynek (emeryt\/rencista) &#8211; <a href=\"https:\/\/lo1.szczecin.pl\/wp-content\/uploads\/2025\/01\/Zal.-nr-2a-wypoczynek.pdf\">Za\u0142. nr 2a wypoczynek<\/a><\/li>\n<li>Wypoczynek (dzieci emeryta\/rencisty) &#8211; <a href=\"https:\/\/lo1.szczecin.pl\/wp-content\/uploads\/2025\/01\/Zal.-nr-3a-wypoczynek.pdf\">Za\u0142. nr 3a wypoczynek<\/a><\/li>\n<li>Miko\u0142ajki &#8211; <a href=\"https:\/\/lo1.szczecin.pl\/wp-content\/uploads\/2025\/01\/Zal.-nr-4a-mikolajki.pdf\">Za\u0142. nr 4a miko\u0142ajki<\/a><\/li>\n<li>Bo\u017ce Narodzenie &#8211; <a href=\"https:\/\/lo1.szczecin.pl\/wp-content\/uploads\/2025\/01\/Zal.-nr-5a-Boze-Narodzenie.pdf\">Za\u0142. nr 5a Bo\u017ce Narodzenie<\/a><\/li>\n<li>Wyjazd &#8211; <a href=\"https:\/\/lo1.szczecin.pl\/wp-content\/uploads\/2025\/01\/Zal.-nr-6a-wyjazd.pdf\">Za\u0142. nr 6a wyjazd<\/a><\/li>\n<li>Sport\/kultura &#8211;<a href=\"https:\/\/lo1.szczecin.pl\/wp-content\/uploads\/2025\/01\/Zal.-nr-7a-sport-kulrura.pdf\">Za\u0142. nr 7a sport-kultura<\/a><\/li>\n<li>Zapomogi &#8211; <a href=\"https:\/\/lo1.szczecin.pl\/wp-content\/uploads\/2025\/01\/Zal.-nr-8a-zapomogi.pdf\">Za\u0142. nr 8a zapomogi<\/a><\/li>\n<\/ul>\n<div><\/div>\n","protected":false},"excerpt":{"rendered":"<p>Terminy sk\u0142adania wniosk\u00f3w: o przyznanie \u015bwiadczenia na Bo\u017ce Narodzenie do 15 listopada ka\u017cdego roku o przyznanie \u015bwiadczenia na wypoczynek letni do 15 maja ka\u017cdego roku Aby otrzyma\u0107 \u015bwiadczenie, nale\u017cy wype\u0142niony poprawnie wniosek dostarczy\u0107 do sekretariatu szko\u0142y.W przypadku zmiany numeru konta prosimy o podanie go we wniosku. W przypadku jakichkolwiek trudno\u015bci lub w\u0105tpliwo\u015bci s\u0142u\u017cymy pomoc\u0105 pod [&hellip;]<\/p>\n","protected":false},"author":1,"featured_media":0,"parent":8,"menu_order":7,"comment_status":"closed","ping_status":"closed","template":"","meta":{"footnotes":""},"class_list":["post-1120","page","type-page","status-publish","hentry"],"_links":{"self":[{"href":"https:\/\/lo1.szczecin.pl\/index.php\/wp-json\/wp\/v2\/pages\/1120","targetHints":{"allow":["GET"]}}],"collection":[{"href":"https:\/\/lo1.szczecin.pl\/index.php\/wp-json\/wp\/v2\/pages"}],"about":[{"href":"https:\/\/lo1.szczecin.pl\/index.php\/wp-json\/wp\/v2\/types\/page"}],"author":[{"embeddable":true,"href":"https:\/\/lo1.szczecin.pl\/index.php\/wp-json\/wp\/v2\/users\/1"}],"replies":[{"embeddable":true,"href":"https:\/\/lo1.szczecin.pl\/index.php\/wp-json\/wp\/v2\/comments?post=1120"}],"version-history":[{"count":45,"href":"https:\/\/lo1.szczecin.pl\/index.php\/wp-json\/wp\/v2\/pages\/1120\/revisions"}],"predecessor-version":[{"id":7539,"href":"https:\/\/lo1.szczecin.pl\/index.php\/wp-json\/wp\/v2\/pages\/1120\/revisions\/7539"}],"up":[{"embeddable":true,"href":"https:\/\/lo1.szczecin.pl\/index.php\/wp-json\/wp\/v2\/pages\/8"}],"wp:attachment":[{"href":"https:\/\/lo1.szczecin.pl\/index.php\/wp-json\/wp\/v2\/media?parent=1120"}],"curies":[{"name":"wp","href":"https:\/\/api.w.org\/{rel}","templated":true}]}}