{"id":39,"date":"2017-02-07T12:22:25","date_gmt":"2017-02-07T11:22:25","guid":{"rendered":"http:\/\/serwer1646903.home.pl\/lo1\/?page_id=39"},"modified":"2025-12-10T14:46:11","modified_gmt":"2025-12-10T13:46:11","slug":"dokumenty-szkoly","status":"publish","type":"page","link":"https:\/\/lo1.szczecin.pl\/index.php\/o-szkole\/dokumenty-szkoly\/","title":{"rendered":"Dokumenty szko\u0142y i akty prawne"},"content":{"rendered":"<ul>\n<li><strong><a href=\"https:\/\/lo1.szczecin.pl\/wp-content\/uploads\/2024\/02\/I-LO-Standardy-ochrony-maloletnich-wersja-pelna.pdf\">I LO Standardy ochrony ma\u0142oletnich &#8211; wersja pe\u0142na<\/a><br \/><\/strong><\/li>\n<li><a href=\"https:\/\/lo1.szczecin.pl\/wp-content\/uploads\/2024\/02\/I-LO-Standardy-ochrony-maloletnich-wersja-skrocona.pdf\"><strong>I LO Standardy ochrony ma\u0142oletnich &#8211; wersja skr\u00f3cona (dla uczni\u00f3w)<\/strong><\/a><\/li>\n<\/ul>\n<hr \/>\n<ul>\n<li><a href=\"http:\/\/lo1.szczecin.pl\/wp-content\/uploads\/2023\/02\/opieka-zdrowotna-nad-uczniami.pdf\"><strong>Opieka zdrowotna nad uczniami<\/strong><\/a><\/li>\n<\/ul>\n<hr \/>\n<ul>\n<li><strong>Procedury bezpiecze\u0144stwa w zwi\u0105zku z zapobieganiem, przeciwdzia\u0142aniem i zwalczaniem Covid-19 obowi\u0105zuj\u0105ce w I LO<\/strong> &#8211; <strong><a href=\"http:\/\/lo1.szczecin.pl\/wp-content\/uploads\/2021\/12\/I-LO-PROCEDURY-COVID-19.pdf\">I LO PROCEDURY COVID-19<\/a><\/strong><\/li>\n<\/ul>\n<hr \/>\n<ul>\n<li><strong>Statut Szko\u0142y &#8211; <a href=\"http:\/\/lo1.szczecin.pl\/wp-content\/uploads\/2019\/09\/STATUT-2019-1.pdf\">STATUT (opracowanie 2019)<\/a><br \/><\/strong><\/li>\n<\/ul>\n<p>Wersja papierowa dokumentu &#8211; dost\u0119pna w bibliotece szkolnej.<\/p>\n<hr \/>\n<ul>\n<li><strong><a href=\"http:\/\/lo1.szczecin.pl\/wp-content\/uploads\/2021\/09\/Regulamin-korzystania-z-szafek-szkolnych-I-LO-w-Szczecinie-1.pdf\">Regulamin korzystania z szafek szkolnych I LO w Szczecinie<\/a><\/strong><\/li>\n<li><a href=\"http:\/\/lo1.szczecin.pl\/wp-content\/uploads\/2021\/09\/Regulamin-olimpijczyka.pdf\"><strong>Regulamin olimpijczyka<\/strong><\/a><\/li>\n<li><a href=\"https:\/\/lo1.szczecin.pl\/wp-content\/uploads\/2025\/12\/I-LO-Regulamin-wycieczek-wraz-z-kompletna-dokumentacja-1.pdf\"><strong>I LO Regulamin wycieczek wraz z kompletn\u0105 dokumentacj\u0105<\/strong><\/a><\/li>\n<\/ul>\n<hr \/>\n<ul>\n<li><strong>Wymagania edukacyjne na rok szkolny 2025\/2026 z poszczeg\u00f3lnych przedmiot\u00f3w:<\/strong><\/li>\n<\/ul>\n<p><strong><a href=\"https:\/\/lo1.szczecin.pl\/wp-content\/uploads\/2024\/12\/Wymagania-edukacyjne-Matematyka.pdf\">Matematyka &#8211; wymagania edukacyjne<\/a><br \/><a href=\"https:\/\/lo1.szczecin.pl\/wp-content\/uploads\/2025\/10\/Jezyk-polski-wymagania-edukacyjne.pdf\">J\u0119zyk polski &#8211; wymagania edukacyjne<\/a><br \/><a href=\"https:\/\/lo1.szczecin.pl\/wp-content\/uploads\/2024\/12\/Wymagania-edukacyjne-z-jezyka-niemieckiego-w-I-Liceum-Ogolnoksztalcacym1.pdf\">J\u0119zyk niemiecki &#8211; wymagania edukacyjne <\/a><br \/><a href=\"http:\/\/lo1.szczecin.pl\/wp-content\/uploads\/2022\/12\/Jezyk-wloski-wymagania-edukacyjne.pdf\">J\u0119zyk w\u0142oski &#8211; wymagania edukacyjne<\/a><br \/><a href=\"http:\/\/lo1.szczecin.pl\/wp-content\/uploads\/2022\/12\/Jezyk-angielski-wymagania-edukacyjne.pdf\">J\u0119zyk angielski &#8211; wymagania edukacyjne<\/a><br \/><a href=\"https:\/\/lo1.szczecin.pl\/wp-content\/uploads\/2025\/10\/Fizyka-wymagania-edukacyjne.pdf\">Fizyka &#8211; wymagania edukacyjne<\/a><br \/><a href=\"https:\/\/lo1.szczecin.pl\/wp-content\/uploads\/2025\/10\/Geografia-wymagania-edukacyjne.pdf\">Geografia &#8211; wymagania edukacyjne<\/a><br \/><a href=\"https:\/\/lo1.szczecin.pl\/wp-content\/uploads\/2025\/10\/Chemia-wymagania-edukacyjne.pdf\">Chemia &#8211; wymagania edukacyjne<\/a><br \/><a href=\"https:\/\/lo1.szczecin.pl\/wp-content\/uploads\/2025\/10\/Biologia-wymagania-edukacyjne.pdf\">Biologia &#8211; wymagania edukacyjne<\/a><br \/><a href=\"http:\/\/lo1.szczecin.pl\/wp-content\/uploads\/2022\/12\/EdB-wymagania-edukacyjne.pdf\">EdB &#8211; wymagania edukacyjne<\/a><br \/><a href=\"https:\/\/lo1.szczecin.pl\/wp-content\/uploads\/2024\/06\/Wymagania-Edukacyjne-historia-HIT-WOS.pdf\">Wymagania Edukacyjne &#8211; historia, WOS<\/a><br \/><a href=\"http:\/\/lo1.szczecin.pl\/wp-content\/uploads\/2022\/12\/Informatyka-wymagania-edukacyjne.pdf\">Informatyka &#8211; wymagania edukacyjne<\/a><br \/><a href=\"https:\/\/lo1.szczecin.pl\/wp-content\/uploads\/2025\/10\/BIZNES-I-ZARZADZANIE-wymagania-edukacyjne.pdf\">BIZNES I ZARZ\u0104DZANIE &#8211; wymagania edukacyjne<\/a><br \/><\/strong><strong><a href=\"http:\/\/lo1.szczecin.pl\/wp-content\/uploads\/2022\/12\/Filozofia-wymagania-edukacyjne.pdf\">Filozofia &#8211; wymagania edukacyjne<\/a><\/strong><\/p>\n<hr \/>\n<p><strong><a href=\"https:\/\/lo1.szczecin.pl\/wp-content\/uploads\/2025\/10\/Szkolny-Program-Wychowawczo-Profilaktyczny-I-LO.pdf\">Szkolny Program Wychowawczo-Profilaktyczny I LO<\/a><\/strong><\/p>\n\n\n<p><\/p>\n","protected":false},"excerpt":{"rendered":"<p>I LO Standardy ochrony ma\u0142oletnich &#8211; wersja pe\u0142na I LO Standardy ochrony ma\u0142oletnich &#8211; wersja skr\u00f3cona (dla uczni\u00f3w) Opieka zdrowotna nad uczniami Procedury bezpiecze\u0144stwa w zwi\u0105zku z zapobieganiem, przeciwdzia\u0142aniem i zwalczaniem Covid-19 obowi\u0105zuj\u0105ce w I LO &#8211; I LO PROCEDURY COVID-19 Statut Szko\u0142y &#8211; STATUT (opracowanie 2019) Wersja papierowa dokumentu &#8211; dost\u0119pna w bibliotece szkolnej. [&hellip;]<\/p>\n","protected":false},"author":1,"featured_media":0,"parent":8,"menu_order":6,"comment_status":"closed","ping_status":"closed","template":"","meta":{"footnotes":""},"class_list":["post-39","page","type-page","status-publish","hentry"],"_links":{"self":[{"href":"https:\/\/lo1.szczecin.pl\/index.php\/wp-json\/wp\/v2\/pages\/39","targetHints":{"allow":["GET"]}}],"collection":[{"href":"https:\/\/lo1.szczecin.pl\/index.php\/wp-json\/wp\/v2\/pages"}],"about":[{"href":"https:\/\/lo1.szczecin.pl\/index.php\/wp-json\/wp\/v2\/types\/page"}],"author":[{"embeddable":true,"href":"https:\/\/lo1.szczecin.pl\/index.php\/wp-json\/wp\/v2\/users\/1"}],"replies":[{"embeddable":true,"href":"https:\/\/lo1.szczecin.pl\/index.php\/wp-json\/wp\/v2\/comments?post=39"}],"version-history":[{"count":68,"href":"https:\/\/lo1.szczecin.pl\/index.php\/wp-json\/wp\/v2\/pages\/39\/revisions"}],"predecessor-version":[{"id":7928,"href":"https:\/\/lo1.szczecin.pl\/index.php\/wp-json\/wp\/v2\/pages\/39\/revisions\/7928"}],"up":[{"embeddable":true,"href":"https:\/\/lo1.szczecin.pl\/index.php\/wp-json\/wp\/v2\/pages\/8"}],"wp:attachment":[{"href":"https:\/\/lo1.szczecin.pl\/index.php\/wp-json\/wp\/v2\/media?parent=39"}],"curies":[{"name":"wp","href":"https:\/\/api.w.org\/{rel}","templated":true}]}}