{"id":4124,"date":"2021-03-24T11:39:12","date_gmt":"2021-03-24T10:39:12","guid":{"rendered":"http:\/\/lo1.szczecin.pl\/?page_id=4124"},"modified":"2021-03-29T13:33:57","modified_gmt":"2021-03-29T11:33:57","slug":"deklaracja-dostepnosci","status":"publish","type":"page","link":"https:\/\/lo1.szczecin.pl\/index.php\/deklaracja-dostepnosci\/","title":{"rendered":"Deklaracja dost\u0119pno\u015bci"},"content":{"rendered":"\n<h1 class=\"wp-block-heading\" id=\"a11y-deklaracja\">Deklaracja dost\u0119pno\u015bci<\/h1>\n\n\n\n<h2 class=\"wp-block-heading\">Informacje og\u00f3lne<\/h2>\n\n\n\n<p id=\"a11y-informacje_og\u00f3lne\">I Liceum Og\u00f3lnokszta\u0142c\u0105ce im. Marii Sk\u0142odowskiej-Curie w Szczecinie zobowi\u0105zuje si\u0119 zapewni\u0107 dost\u0119pno\u015b\u0107 swojej strony internetowej zgodnie z przepisami ustawy z dnia 4 kwietnia 2019 r. o dost\u0119pno\u015bci cyfrowej stron internetowych i aplikacji mobilnych podmiot\u00f3w publicznych. O\u015bwiadczenie w sprawie dost\u0119pno\u015bci ma zastosowanie do strony internetowej <a href=\"http:\/\/lo1.szczecin.pl\/\">www.lo1.szczecin.pl<\/a>.<\/p>\n\n\n\n<ul class=\"wp-block-list\"><li>Data publikacji strony internetowej: 2017-02-01<\/li><li>Data ostatniej istotnej aktualizacji: 2021-03-01<\/li><\/ul>\n\n\n\n<h2 class=\"wp-block-heading\">Status pod wzgl\u0119dem zgodno\u015bci z ustaw\u0105<\/h2>\n\n\n\n<p>Strona internetowa jest <strong>cz\u0119\u015bciowo zgodna<\/strong> z ustaw\u0105 o dost\u0119pno\u015bci cyfrowej stron internetowych i aplikacji mobilnych podmiot\u00f3w publicznych z powodu niezgodno\u015bci lub wy\u0142\u0105cze\u0144 wymienionych poni\u017cej. Zapewnienie dost\u0119pno\u015bci nios\u0142oby za sob\u0105 nadmierne obci\u0105\u017cenia dla podmiotu publicznego.<\/p>\n\n\n\n<h3 class=\"wp-block-heading\">Tre\u015b\u0107 niedost\u0119pna<\/h3>\n\n\n\n<p>brak cz\u0119\u015bci skr\u00f3t\u00f3w klawiszowych, &#8211; brak napis\u00f3w i audiodeskrypcji w filmach &#8211; brak wdro\u017conego j\u0119zyka braillea &#8211; szablon strony nie jest zgodny z WCAG -brak tekst\u00f3w alternatywnych przy zdj\u0119ciach<\/p>\n\n\n\n<h3 class=\"wp-block-heading\">Przygotowanie deklaracji w sprawie dost\u0119pno\u015bci<\/h3>\n\n\n\n<ul class=\"wp-block-list\"><li>Deklaracj\u0119 sporz\u0105dzono dnia: 2021-03-01<\/li><\/ul>\n\n\n\n<p>Deklaracj\u0119 sporz\u0105dzono na podstawie samooceny przeprowadzonej przez podmiot publiczny.<\/p>\n\n\n\n<h2 class=\"wp-block-heading\" id=\"a11y-kontakt\">Informacje zwrotne i dane kontaktowe<\/h2>\n\n\n\n<p>Za rozpatrywanie uwag i wniosk\u00f3w odpowiada: Monika D\u0105browska, e-mail: wice-dyrektor-md@lo1.szcecin.pl, telefon:+48914841872.<\/p>\n\n\n\n<p id=\"a11y-procedura\">Ka\u017cdy ma prawo:<\/p>\n\n\n\n<ul class=\"wp-block-list\"><li>zg\u0142osi\u0107 uwagi dotycz\u0105ce dost\u0119pno\u015bci cyfrowej strony lub jej elementu,<\/li><li>zg\u0142osi\u0107 \u017c\u0105danie zapewnienia dost\u0119pno\u015bci cyfrowej strony lub jej elementu,<\/li><li>wnioskowa\u0107 o udost\u0119pnienie niedost\u0119pnej informacji w innej alternatywnej formie.<\/li><\/ul>\n\n\n\n<p>\u017b\u0105danie musi zawiera\u0107:<\/p>\n\n\n\n<ul class=\"wp-block-list\"><li>dane kontaktowe osoby zg\u0142aszaj\u0105cej,<\/li><li>wskazanie strony lub elementu strony, kt\u00f3rej dotyczy \u017c\u0105danie,<\/li><li>wskazanie dogodnej formy udost\u0119pnienia informacji, je\u015bli \u017c\u0105danie dotyczy udost\u0119pnienia w formie alternatywnej informacji niedost\u0119pnej.<\/li><\/ul>\n\n\n\n<p>Rozpatrzenie zg\u0142oszenia powinno nast\u0105pi\u0107 niezw\u0142ocznie, najp\u00f3\u017aniej w ci\u0105gu 7 dni. Je\u015bli w tym terminie zapewnienie dost\u0119pno\u015bci albo zapewnienie dost\u0119pu w alternatywnej formie nie jest mo\u017cliwe, nast\u0105pi najdalej w ci\u0105gu 2 miesi\u0119cy od daty zg\u0142oszenia.<\/p>\n\n\n\n<h3 class=\"wp-block-heading\">Skargi i odwo\u0142ania<\/h3>\n\n\n\n<p>W przypadku, gdy podmiot publiczny odm\u00f3wi realizacji \u017c\u0105dania zapewnienia dost\u0119pno\u015bci lub alternatywnego sposobu dost\u0119pu do informacji, wnosz\u0105cy \u017c\u0105danie mo\u017cne z\u0142o\u017cy\u0107 skarg\u0119 w sprawie zapewniana dost\u0119pno\u015bci cyfrowej strony internetowej, aplikacji mobilnej lub elementu strony internetowej, lub aplikacji mobilnej. Po wyczerpaniu wskazanej wy\u017cej procedury mo\u017cna tak\u017ce z\u0142o\u017cy\u0107 wniosek do <a href=\"https:\/\/utilitia.pl\/deklaracja\/\u201dhttps:\/\/www.rpo.gov.pl\/content\/jak-zglosic-sie-do-rzecznika-praw-obywatelskich\u201d\">Rzecznika Praw Obywatelskich<\/a>.<\/p>\n\n\n\n<h2 class=\"wp-block-heading\" id=\"a11y-dost\u0119pno\u015b\u0107-architektoniczna\">Dost\u0119pno\u015b\u0107 architektoniczna<\/h2>\n\n\n\n<p>Budynek szkolny znajduje si\u0119 w Szczecinie przy al. Piast\u00f3w 12. W pobli\u017cu znajduje si\u0119 du\u017cy w\u0119ze\u0142 komunikacyjny linii tramwajowych i autobusowych. Wej\u015bcie do szko\u0142y (og\u00f3lnodost\u0119pne), do kt\u00f3rego prowadz\u0105 schody, znajduj\u0105 si\u0119 od al. Piast\u00f3w 12. Od tej ulicy znajduje si\u0119 r\u00f3wnie\u017c brama wjazdowa na teren szko\u0142y. Pozosta\u0142e wej\u015bcia, umo\u017cliwiaj\u0105ce dostanie si\u0119 do budynku znajduj\u0105 si\u0119 od ul. Chodkiewicza i od strony boiska szkolnego. Budynek szkolny jest 5 kondygnacyjny- piwnica, parter oraz trzy pi\u0119tra.W budynku nie ma dostosowa\u0144 dla os\u00f3b niepe\u0142nosprawnych. Nie wyst\u0119puje podjazd dla w\u00f3zk\u00f3w inwalidzkich. W budynku nie ma oznacze\u0144 w alfabecie brajla ani oznacze\u0144 kontrastowych lub w druku powi\u0119kszonym dla os\u00f3b niewidomych i s\u0142abowidz\u0105cych. Nie mo\u017cna skorzysta\u0107 z t\u0142umacza j\u0119zyka migowego. Do szko\u0142y mo\u017ce wej\u015b\u0107 osoba z psem asystuj\u0105cym<\/p>\n","protected":false},"excerpt":{"rendered":"<p>Deklaracja dost\u0119pno\u015bci Informacje og\u00f3lne I Liceum Og\u00f3lnokszta\u0142c\u0105ce im. Marii Sk\u0142odowskiej-Curie w Szczecinie zobowi\u0105zuje si\u0119 zapewni\u0107 dost\u0119pno\u015b\u0107 swojej strony internetowej zgodnie z przepisami ustawy z dnia 4 kwietnia 2019 r. o dost\u0119pno\u015bci cyfrowej stron internetowych i aplikacji mobilnych podmiot\u00f3w publicznych. O\u015bwiadczenie w sprawie dost\u0119pno\u015bci ma zastosowanie do strony internetowej www.lo1.szczecin.pl. Data publikacji strony internetowej: 2017-02-01 Data [&hellip;]<\/p>\n","protected":false},"author":1,"featured_media":0,"parent":0,"menu_order":0,"comment_status":"closed","ping_status":"closed","template":"","meta":{"footnotes":""},"class_list":["post-4124","page","type-page","status-publish","hentry"],"_links":{"self":[{"href":"https:\/\/lo1.szczecin.pl\/index.php\/wp-json\/wp\/v2\/pages\/4124","targetHints":{"allow":["GET"]}}],"collection":[{"href":"https:\/\/lo1.szczecin.pl\/index.php\/wp-json\/wp\/v2\/pages"}],"about":[{"href":"https:\/\/lo1.szczecin.pl\/index.php\/wp-json\/wp\/v2\/types\/page"}],"author":[{"embeddable":true,"href":"https:\/\/lo1.szczecin.pl\/index.php\/wp-json\/wp\/v2\/users\/1"}],"replies":[{"embeddable":true,"href":"https:\/\/lo1.szczecin.pl\/index.php\/wp-json\/wp\/v2\/comments?post=4124"}],"version-history":[{"count":2,"href":"https:\/\/lo1.szczecin.pl\/index.php\/wp-json\/wp\/v2\/pages\/4124\/revisions"}],"predecessor-version":[{"id":4132,"href":"https:\/\/lo1.szczecin.pl\/index.php\/wp-json\/wp\/v2\/pages\/4124\/revisions\/4132"}],"wp:attachment":[{"href":"https:\/\/lo1.szczecin.pl\/index.php\/wp-json\/wp\/v2\/media?parent=4124"}],"curies":[{"name":"wp","href":"https:\/\/api.w.org\/{rel}","templated":true}]}}