{"id":5196,"date":"2022-08-12T10:59:25","date_gmt":"2022-08-12T08:59:25","guid":{"rendered":"http:\/\/lo1.szczecin.pl\/?page_id=5196"},"modified":"2022-09-23T10:58:27","modified_gmt":"2022-09-23T08:58:27","slug":"wymiana-altamura","status":"publish","type":"page","link":"https:\/\/lo1.szczecin.pl\/index.php\/erasmus\/projekt-sui-palchi-di-scuola\/wymiana-altamura\/","title":{"rendered":"Mobility Erasmus Plus Altamura"},"content":{"rendered":"\n<div class=\"wp-block-image\"><figure class=\"alignleft size-large\"><img loading=\"lazy\" decoding=\"async\" width=\"300\" height=\"126\" src=\"http:\/\/lo1.szczecin.pl\/wp-content\/uploads\/2022\/08\/logo-Erasmus-300x126-1.jpg\" alt=\"\" class=\"wp-image-5214\"\/><\/figure><\/div>\n\n\n\n<figure class=\"wp-block-image size-large is-resized\"><img loading=\"lazy\" decoding=\"async\" src=\"http:\/\/lo1.szczecin.pl\/wp-content\/uploads\/2022\/08\/Zdecie-Logo-projektu.jpg\" alt=\"\" class=\"wp-image-5205\" width=\"189\" height=\"204\" srcset=\"https:\/\/lo1.szczecin.pl\/wp-content\/uploads\/2022\/08\/Zdecie-Logo-projektu.jpg 436w, https:\/\/lo1.szczecin.pl\/wp-content\/uploads\/2022\/08\/Zdecie-Logo-projektu-277x300.jpg 277w\" sizes=\"auto, (max-width: 189px) 100vw, 189px\" \/><\/figure>\n\n\n\n<h5 class=\"wp-block-heading\"><strong>VIRTUAL MOBILITY ERASMUS PLUS\u00a0 ALTAMURA (W\u0141OCHY) <\/strong><br><strong>W DNIACH 11-12-13 CZERWCA 2021\u00a0\u00a0<\/strong><br><strong>Progetto &#8211;\u00a0 \u201e Sui palchi di scuola\u201d- KA 229 2019-1-IT02-KA229-062311_5<\/strong><\/h5>\n\n\n\n<p><strong>MOBILITA` BLENDED ERASMUS PLUS ALTAMURA\u00a0 (W\u0141OCHY)\u00a0 W DNIACH 14 \u2013 16 GRUDNIA 2020\u00a0\u00a0Progetto &#8211;\u00a0 \u201e Sui palchi di scuola\u201d- KA 229 2019-1-IT02-KA229-062311_5<\/strong><\/p>\n\n\n\n<p><strong>&nbsp;&nbsp;&nbsp;&nbsp;&nbsp;&nbsp;&nbsp;&nbsp; Ze wzgl\u0119du na czas pandemii koronawirusa Koordynator g\u0142\u00f3wny (Liceum Cagnazzi-Altamura) zdecydowa\u0142 si\u0119 na przeprowadzenie spotkania partner\u00f3w projektu Erasmus plus \u201eSui palchi di scuola\u201d w spos\u00f3b zdalny. Wszyscy uczestnicy meetingu pod tytu\u0142em \u201eTeatr i Europa\u201d zgromadzili si\u0119 przed ekranami komputer\u00f3w aby wyrazi\u0107 swoj\u0105 opinie na ten przewodni temat oraz aby wsp\u00f3lnie obejrze\u0107 nagrania spektakli przygotowanych w ka\u017cdej z partnerskich szk\u00f3l w ramach dzia\u0142alno\u015bci k\u00f3\u0142 teatralnych. Filmiki dostarczone organizatorom zosta\u0142y w ustalonej kolejno\u015bci zaprezentowane uczestnikom. Niekt\u00f3re szko\u0142y europejskie wykona\u0142y je na wolnym powietrzu inne natomiast w maskach, w re\u017cimie sanitarnym. Uczniowie naszej szko\u0142y bior\u0105cy udzia\u0142 w projekcie przedstawili nagranie sztuki Herkules, wykonanej rok wcze\u015bniej (przed pandemi\u0105), ze wzgl\u0119du na zawieszenie zaj\u0119\u0107 teatralnych.<\/strong><\/p>\n\n\n\n<p><strong>&nbsp;&nbsp; Podczas tych trzech dni meetingu Alessandro Fiorella \u2013 odpowiedzialny za dzia\u0142alno\u015b\u0107 ko\u0142a teatralnego w Liceum Klasycznym w Ostuni poprowadzi\u0142 warsztaty teatralne dla m\u0142odzie\u017cy. Uczniowie mogli r\u00f3wnie\u017c wys\u0142ucha\u0107 wyk\u0142adu Pani Loredany Perisinotto na temat r\u00f3\u017cnorodno\u015bci wyrazu w sztukach teatralnych. Prof Cristina Consiglio z Uniwersytetu w Bari przeprowadzi\u0142a wyw\u00f3d zwi\u0105zany ze zmianami teatru na przestrzeni dziej\u00f3w od Shakespearea do wsp\u00f3\u0142czesno\u015bci. Paolo Panaro natomiast zaprezentowa\u0142 dowody na to, \u017ce aktor wcielaj\u0105c si\u0119 w r\u00f3\u017cnorodne role daje&nbsp; \u015bwiadectwo nie\u015bmiertelno\u015bci dzie\u0142 literackich.<\/strong><\/p>\n\n\n\n<p><strong>&nbsp;&nbsp;&nbsp;&nbsp;&nbsp;&nbsp;&nbsp;&nbsp;&nbsp;&nbsp; Uczestnicy zostali r\u00f3wnie\u017c podzieleni na 2 grupy w celu workhop z udzia\u0142em re\u017cyser\u00f3w i aktor\u00f3w w\u0142oskich teatr\u00f3w.<\/strong><\/p>\n\n\n\n<p><strong>Na koniec krytyk teatralny Loredana Perissinotto przeanalizowa\u0142a obejrzane wcze\u015bniej spektakle daj\u0105c wskaz\u00f3wki do przysz\u0142ej pracy.<\/strong><\/p>\n\n\n\n<div class=\"wp-block-file\"><a href=\"http:\/\/lo1.szczecin.pl\/wp-content\/uploads\/2022\/08\/Program-Altamura-_2021-C-9.pdf\"><strong>Program-Altamura<\/strong>-_2021-C-9<\/a><a href=\"http:\/\/lo1.szczecin.pl\/wp-content\/uploads\/2022\/08\/Program-Altamura-_2021-C-9.pdf\" class=\"wp-block-file__button\" download>Pobierz<\/a><\/div>\n\n\n\n<p><strong>&nbsp;&nbsp;&nbsp;&nbsp;&nbsp; W ramach XXIV&nbsp; Mi\u0119dzynarodowego Przegl\u0105du Szkolnego Teatru Klasycznego zorganizowano spotkanie partnerskich szk\u00f3\u0142 europejskich w Liceum Cagnazzi w Altamurze (W\u0142ochy) . Tym razem odby\u0142o si\u0119 ono wirtualnie ze wzgl\u0119du na pandemi\u0119 Covid 19 w Europie. Otwarcia dokona\u0142 Biagio Clemente G\u0142\u00f3wny Koordynator projektu. Nast\u0119pnie odby\u0142o si\u0119 seminarium na temat uprawiania sztuki teatralnej w warunkach pandemii, r\u00f3wnocze\u015bnie uczniowie wzi\u0119li udzia\u0142 w workshop dotycz\u0105cego r\u00f3\u017cnych sposob\u00f3w wyrazu scenicznego.<\/strong><\/p>\n\n\n\n<p><strong>&nbsp;&nbsp;&nbsp;&nbsp;&nbsp;&nbsp;&nbsp;&nbsp; Nasza m\u0142odzie\u017c przygotowa\u0142a do konkursu teatralnego \u201eWariacje na temat Shakespeare\u201d. Z wielkim zainteresowaniem obserwowali\u015bmy spektakle w wykonaniu partnerskich szk\u00f3\u0142, ucz\u0105c si\u0119 nowych, odmiennych warsztat\u00f3w pracy scenicznej.<\/strong><\/p>\n\n\n\n<p><strong>&nbsp;&nbsp;&nbsp;&nbsp; Prowadz\u0105cy festiwal przeprowadzili to wydarzenie w spos\u00f3b profesjonalny, u\u017cywaj\u0105c obostrze\u0144 antycovidowych panuj\u0105cych w tym czasie we W\u0142oszech.<\/strong><\/p>\n\n\n\n<div class=\"wp-block-image\"><figure class=\"aligncenter size-large\"><img loading=\"lazy\" decoding=\"async\" width=\"1024\" height=\"768\" src=\"http:\/\/lo1.szczecin.pl\/wp-content\/uploads\/2022\/08\/zdjecie-Altamura-C-9-1024x768.jpg\" alt=\"\" class=\"wp-image-5276\" srcset=\"https:\/\/lo1.szczecin.pl\/wp-content\/uploads\/2022\/08\/zdjecie-Altamura-C-9-1024x768.jpg 1024w, https:\/\/lo1.szczecin.pl\/wp-content\/uploads\/2022\/08\/zdjecie-Altamura-C-9-300x225.jpg 300w, https:\/\/lo1.szczecin.pl\/wp-content\/uploads\/2022\/08\/zdjecie-Altamura-C-9-768x576.jpg 768w, https:\/\/lo1.szczecin.pl\/wp-content\/uploads\/2022\/08\/zdjecie-Altamura-C-9-1536x1152.jpg 1536w, https:\/\/lo1.szczecin.pl\/wp-content\/uploads\/2022\/08\/zdjecie-Altamura-C-9-2048x1536.jpg 2048w\" sizes=\"auto, (max-width: 1024px) 100vw, 1024px\" \/><\/figure><\/div>\n\n\n\n<p><strong>XXVI RASSEGNA INTERNAZIONALE DEL TEATRO CLASSICO SCOLASTICO-LICEO &#8222;CAGNAZZI&#8221; ALTAMURA 12.06.21 &#8211; cz.1<\/strong><br><a href=\"https:\/\/www.youtube.com\/watch?v=3SolOZFx28I\">https:\/\/www.youtube.com\/watch?v=3SolOZFx28I<\/a><br><strong>XXVI RASSEGNA INTERNAZIONALE DEL TEATRO CLASSICO SCOLASTICO-LICEO &#8222;CAGNAZZI&#8221;-ATAMURA-13.06.21<\/strong> <strong>&#8211; cz. 2<\/strong><br><a href=\"https:\/\/www.youtube.com\/watch?v=ecTvaCH4XY4\">https:\/\/www.youtube.com\/watch?v=ecTvaCH4XY4<\/a><\/p>\n\n\n\n<figure class=\"wp-block-embed-youtube wp-block-embed is-type-video is-provider-youtube wp-embed-aspect-16-9 wp-has-aspect-ratio\"><div class=\"wp-block-embed__wrapper\">\n<iframe loading=\"lazy\" title=\"XXVI RASSEGNA INTERNAZIONALE DEL TEATRO CLASSICO SCOLASTICO-LICEO &quot;CAGNAZZI&quot;-ALTAMURA-12.06.21-pt.2\" width=\"648\" height=\"365\" src=\"https:\/\/www.youtube.com\/embed\/zS6Rt_d-Lkc?feature=oembed\" frameborder=\"0\" allow=\"accelerometer; autoplay; clipboard-write; encrypted-media; gyroscope; picture-in-picture; web-share\" referrerpolicy=\"strict-origin-when-cross-origin\" allowfullscreen><\/iframe>\n<\/div><\/figure>\n\n\n\n<p><a href=\"https:\/\/www.youtube.com\/channel\/UCuHFWsEaR9n-ZeFWwJbIOPA\">(470) RASSEGNATEATRALECAGNAZZI &#8211; YouTube<\/a><\/p>\n\n\n\n<figure class=\"wp-block-embed-youtube wp-block-embed is-type-video is-provider-youtube wp-embed-aspect-16-9 wp-has-aspect-ratio\"><div class=\"wp-block-embed__wrapper\">\n<iframe loading=\"lazy\" title=\"XXVI RASSEGNA INTERNAZIONALE DEL TEATRO CLASSICO SCOLASTICO-LICEO &quot;CAGNAZZI&quot;-ALTAMURA-13.06.21- pt.1\" width=\"648\" height=\"365\" src=\"https:\/\/www.youtube.com\/embed\/06PY2BKnQlU?feature=oembed\" frameborder=\"0\" allow=\"accelerometer; autoplay; clipboard-write; encrypted-media; gyroscope; picture-in-picture; web-share\" referrerpolicy=\"strict-origin-when-cross-origin\" allowfullscreen><\/iframe>\n<\/div><\/figure>\n\n\n\n<hr class=\"wp-block-separator\"\/>\n\n\n\n<h5 class=\"wp-block-heading\"><strong>MOBILITY&nbsp; ERASMUS PLUS \u2013 ALTAMURA&nbsp; (W\u0141OCHY)&nbsp;&nbsp;<\/strong><br><strong>W DNIACH 23 \u2013 27 MAJA 2022&nbsp;&nbsp;&nbsp;Progetto &#8211;&nbsp; \u201e Sui palchi di scuola\u201d- KA 229 2019-1-IT02-KA229-062311_5<\/strong><\/h5>\n\n\n\n<h5 class=\"wp-block-heading\"><strong>XXVII MI\u0118DZYNARODOWY FESTIWAL TEATRU KLASYCZNEGO NA POZIOMIE LICE\u00d3W<\/strong><\/h5>\n\n\n\n<p><strong>&nbsp;&nbsp;&nbsp;&nbsp; To spotkanie by\u0142o podsumowaniem wszystkich do\u015bwiadcze\u0144 zdobytych podczas realizacji za\u0142o\u017ce\u0144 programowych oraz celu Projektu Erasmus plus. Przedstawienie finalne przygotowane pod kierunkiem Alessandro Fiorella zatytuowane \u201eNaufragio a bracia aperte\u201d pozwoli\u0142o zauwa\u017cy\u0107 wzrost umiej\u0119tno\u015bci scenicznych m\u0142odzie\u017cy oraz wzajemne porozumienie mimo r\u00f3\u017cnic kulturowych i j\u0119zykowych. Spektakl by\u0142 wieloj\u0119zyczny i podkre\u015bla\u0142 wag\u0119 tolerancji, wsp\u00f3lnoty i szacunku wobec drugiego cz\u0142owieka.<\/strong><\/p>\n\n\n\n<p><strong>&nbsp;&nbsp; Temat trzeciego roku wsp\u00f3\u0142pracy<\/strong><strong> \u201eCz\u0142owiek a teatr\u201d<\/strong><strong> pozwoli\u0142 dzi\u0119ki debacie oraz badaniu (kwestionariusze dot. popularno\u015bci i wagi teatru) wywnioskowa\u0107, \u017ce warto inwestowa\u0107 w samorozw\u00f3j na deskach scenicznych. Przyczynia si\u0119 to do&nbsp; pozytywnych zmian w m\u0142odym cz\u0142owieku dotycz\u0105cych idea\u0142\u00f3w i walor\u00f3w. Sta\u0142o si\u0119 te\u017c bardzo wa\u017cnym \u015brodkiem edukacyjnym pozwalaj\u0105cym zauwa\u017ca\u0107 i&nbsp; akceptowa\u0107 odmienno\u015b\u0107.<\/strong><strong><\/strong><\/p>\n\n\n\n<p><strong>&nbsp;&nbsp;&nbsp; Podczas pierwszego dnia pobytu nast\u0105pi\u0142a ceremonia rozdania nagr\u00f3d za Konkurs na scenariusz teatralny. Wygra\u0142a go m\u0142odzie\u017c z hiszpa\u0144skiego liceum.<\/strong><\/p>\n\n\n\n<p><strong>&nbsp;&nbsp;&nbsp;&nbsp;&nbsp;&nbsp; W czasie gdy m\u0142odzie\u017c przygotowywa\u0142a si\u0119 do spektaklu nauczyciele zwiedzili Muzeum Archeologiczne w Altamurze.<\/strong><\/p>\n\n\n\n<p><strong>&nbsp; 25 maja 2022 m\u0142odzie\u017c klasy 2 d I Liceum Og\u00f3lnokszta\u0142c\u0105cego zaprezentowa\u0142o przygotowany wcze\u015bniej spektakl pod tytu\u0142em \u201eOrfeusz i Eurydyka\u201d w ramach festiwalu. Otrzymali wyr\u00f3\u017cnienie za scenariusz.<\/strong><\/p>\n\n\n\n<figure class=\"wp-block-image size-large\"><img loading=\"lazy\" decoding=\"async\" width=\"724\" height=\"1024\" src=\"http:\/\/lo1.szczecin.pl\/wp-content\/uploads\/2022\/08\/Plakat-Altamura-2022-C-16-724x1024.jpg\" alt=\"\" class=\"wp-image-5286\" srcset=\"https:\/\/lo1.szczecin.pl\/wp-content\/uploads\/2022\/08\/Plakat-Altamura-2022-C-16-724x1024.jpg 724w, https:\/\/lo1.szczecin.pl\/wp-content\/uploads\/2022\/08\/Plakat-Altamura-2022-C-16-212x300.jpg 212w, https:\/\/lo1.szczecin.pl\/wp-content\/uploads\/2022\/08\/Plakat-Altamura-2022-C-16-768x1086.jpg 768w, https:\/\/lo1.szczecin.pl\/wp-content\/uploads\/2022\/08\/Plakat-Altamura-2022-C-16-1086x1536.jpg 1086w, https:\/\/lo1.szczecin.pl\/wp-content\/uploads\/2022\/08\/Plakat-Altamura-2022-C-16-1448x2048.jpg 1448w, https:\/\/lo1.szczecin.pl\/wp-content\/uploads\/2022\/08\/Plakat-Altamura-2022-C-16.jpg 1754w\" sizes=\"auto, (max-width: 724px) 100vw, 724px\" \/><\/figure>\n\n\n\n<figure class=\"wp-block-image size-large is-resized\"><img loading=\"lazy\" decoding=\"async\" src=\"http:\/\/lo1.szczecin.pl\/wp-content\/uploads\/2022\/08\/Plakat-festival-altamura-2022-C-16-1-547x1024.jpg\" alt=\"\" class=\"wp-image-5290\" width=\"578\" height=\"1081\" srcset=\"https:\/\/lo1.szczecin.pl\/wp-content\/uploads\/2022\/08\/Plakat-festival-altamura-2022-C-16-1-547x1024.jpg 547w, https:\/\/lo1.szczecin.pl\/wp-content\/uploads\/2022\/08\/Plakat-festival-altamura-2022-C-16-1-160x300.jpg 160w, https:\/\/lo1.szczecin.pl\/wp-content\/uploads\/2022\/08\/Plakat-festival-altamura-2022-C-16-1-scaled.jpg 1367w\" sizes=\"auto, (max-width: 578px) 100vw, 578px\" \/><\/figure>\n\n\n\n<div class=\"wp-block-image\"><figure class=\"aligncenter size-large is-resized\"><img loading=\"lazy\" decoding=\"async\" src=\"http:\/\/lo1.szczecin.pl\/wp-content\/uploads\/2022\/08\/1-718x1024.jpg\" alt=\"\" class=\"wp-image-5293\" width=\"499\" height=\"712\" srcset=\"https:\/\/lo1.szczecin.pl\/wp-content\/uploads\/2022\/08\/1-718x1024.jpg 718w, https:\/\/lo1.szczecin.pl\/wp-content\/uploads\/2022\/08\/1-210x300.jpg 210w, https:\/\/lo1.szczecin.pl\/wp-content\/uploads\/2022\/08\/1-768x1095.jpg 768w, https:\/\/lo1.szczecin.pl\/wp-content\/uploads\/2022\/08\/1-1077x1536.jpg 1077w, https:\/\/lo1.szczecin.pl\/wp-content\/uploads\/2022\/08\/1-1436x2048.jpg 1436w, https:\/\/lo1.szczecin.pl\/wp-content\/uploads\/2022\/08\/1.jpg 1606w\" sizes=\"auto, (max-width: 499px) 100vw, 499px\" \/><\/figure><\/div>\n\n\n\n<div class=\"wp-block-image\"><figure class=\"aligncenter size-large is-resized\"><img loading=\"lazy\" decoding=\"async\" src=\"http:\/\/lo1.szczecin.pl\/wp-content\/uploads\/2022\/08\/2-718x1024.jpg\" alt=\"\" class=\"wp-image-5294\" width=\"494\" height=\"704\" srcset=\"https:\/\/lo1.szczecin.pl\/wp-content\/uploads\/2022\/08\/2-718x1024.jpg 718w, https:\/\/lo1.szczecin.pl\/wp-content\/uploads\/2022\/08\/2-210x300.jpg 210w, https:\/\/lo1.szczecin.pl\/wp-content\/uploads\/2022\/08\/2-768x1095.jpg 768w, https:\/\/lo1.szczecin.pl\/wp-content\/uploads\/2022\/08\/2-1077x1536.jpg 1077w, https:\/\/lo1.szczecin.pl\/wp-content\/uploads\/2022\/08\/2-1436x2048.jpg 1436w, https:\/\/lo1.szczecin.pl\/wp-content\/uploads\/2022\/08\/2.jpg 1606w\" sizes=\"auto, (max-width: 494px) 100vw, 494px\" \/><\/figure><\/div>\n\n\n\n<div class=\"wp-block-image\"><figure class=\"aligncenter size-large is-resized\"><img loading=\"lazy\" decoding=\"async\" src=\"http:\/\/lo1.szczecin.pl\/wp-content\/uploads\/2022\/08\/3-718x1024.jpg\" alt=\"\" class=\"wp-image-5297\" width=\"531\" height=\"757\" srcset=\"https:\/\/lo1.szczecin.pl\/wp-content\/uploads\/2022\/08\/3-718x1024.jpg 718w, https:\/\/lo1.szczecin.pl\/wp-content\/uploads\/2022\/08\/3-210x300.jpg 210w, https:\/\/lo1.szczecin.pl\/wp-content\/uploads\/2022\/08\/3-768x1095.jpg 768w, https:\/\/lo1.szczecin.pl\/wp-content\/uploads\/2022\/08\/3-1077x1536.jpg 1077w, https:\/\/lo1.szczecin.pl\/wp-content\/uploads\/2022\/08\/3-1436x2048.jpg 1436w, https:\/\/lo1.szczecin.pl\/wp-content\/uploads\/2022\/08\/3.jpg 1606w\" sizes=\"auto, (max-width: 531px) 100vw, 531px\" \/><\/figure><\/div>\n\n\n\n<div class=\"wp-block-image\"><figure class=\"aligncenter size-large is-resized\"><img loading=\"lazy\" decoding=\"async\" src=\"http:\/\/lo1.szczecin.pl\/wp-content\/uploads\/2022\/08\/4-718x1024.jpg\" alt=\"\" class=\"wp-image-5298\" width=\"548\" height=\"781\" srcset=\"https:\/\/lo1.szczecin.pl\/wp-content\/uploads\/2022\/08\/4-718x1024.jpg 718w, https:\/\/lo1.szczecin.pl\/wp-content\/uploads\/2022\/08\/4-210x300.jpg 210w, https:\/\/lo1.szczecin.pl\/wp-content\/uploads\/2022\/08\/4-768x1095.jpg 768w, https:\/\/lo1.szczecin.pl\/wp-content\/uploads\/2022\/08\/4-1077x1536.jpg 1077w, https:\/\/lo1.szczecin.pl\/wp-content\/uploads\/2022\/08\/4-1436x2048.jpg 1436w, https:\/\/lo1.szczecin.pl\/wp-content\/uploads\/2022\/08\/4.jpg 1606w\" sizes=\"auto, (max-width: 548px) 100vw, 548px\" \/><\/figure><\/div>\n\n\n\n<div class=\"wp-block-file\"><a href=\"http:\/\/lo1.szczecin.pl\/wp-content\/uploads\/2022\/08\/Dokument-Regulamin-PrzegladUTeatrow-Szkolnych-Altamura-2022.pdf\"><strong>Dokument-Regulamin-Przegl\u0105du Teatr\u00f3w-Szkolnych-Altamura-2022<\/strong><\/a><a href=\"http:\/\/lo1.szczecin.pl\/wp-content\/uploads\/2022\/08\/Dokument-Regulamin-PrzegladUTeatrow-Szkolnych-Altamura-2022.pdf\" class=\"wp-block-file__button\" download>Pobierz<\/a><\/div>\n\n\n\n<div class=\"wp-block-image\"><figure class=\"aligncenter size-large\"><img loading=\"lazy\" decoding=\"async\" width=\"1024\" height=\"498\" src=\"http:\/\/lo1.szczecin.pl\/wp-content\/uploads\/2022\/08\/Zdjecie-Altamura-2022-powitanie-C-16-1024x498.jpg\" alt=\"\" class=\"wp-image-5313\" srcset=\"https:\/\/lo1.szczecin.pl\/wp-content\/uploads\/2022\/08\/Zdjecie-Altamura-2022-powitanie-C-16-1024x498.jpg 1024w, https:\/\/lo1.szczecin.pl\/wp-content\/uploads\/2022\/08\/Zdjecie-Altamura-2022-powitanie-C-16-300x146.jpg 300w, https:\/\/lo1.szczecin.pl\/wp-content\/uploads\/2022\/08\/Zdjecie-Altamura-2022-powitanie-C-16-768x373.jpg 768w, https:\/\/lo1.szczecin.pl\/wp-content\/uploads\/2022\/08\/Zdjecie-Altamura-2022-powitanie-C-16.jpg 1416w\" sizes=\"auto, (max-width: 1024px) 100vw, 1024px\" \/><\/figure><\/div>\n\n\n\n<div class=\"wp-block-image\"><figure class=\"aligncenter size-large\"><img loading=\"lazy\" decoding=\"async\" width=\"1024\" height=\"695\" src=\"http:\/\/lo1.szczecin.pl\/wp-content\/uploads\/2022\/08\/Zdjecie-Altamura-2022-C-16-1024x695.jpg\" alt=\"\" class=\"wp-image-5315\" srcset=\"https:\/\/lo1.szczecin.pl\/wp-content\/uploads\/2022\/08\/Zdjecie-Altamura-2022-C-16-1024x695.jpg 1024w, https:\/\/lo1.szczecin.pl\/wp-content\/uploads\/2022\/08\/Zdjecie-Altamura-2022-C-16-300x204.jpg 300w, https:\/\/lo1.szczecin.pl\/wp-content\/uploads\/2022\/08\/Zdjecie-Altamura-2022-C-16-768x521.jpg 768w, https:\/\/lo1.szczecin.pl\/wp-content\/uploads\/2022\/08\/Zdjecie-Altamura-2022-C-16.jpg 1073w\" sizes=\"auto, (max-width: 1024px) 100vw, 1024px\" \/><\/figure><\/div>\n\n\n\n<div class=\"wp-block-image\"><figure class=\"aligncenter size-large is-resized\"><img loading=\"lazy\" decoding=\"async\" src=\"http:\/\/lo1.szczecin.pl\/wp-content\/uploads\/2022\/08\/Zdjecie.-Altamura-C-16-922x1024.jpg\" alt=\"\" class=\"wp-image-5318\" width=\"452\" height=\"502\" srcset=\"https:\/\/lo1.szczecin.pl\/wp-content\/uploads\/2022\/08\/Zdjecie.-Altamura-C-16-922x1024.jpg 922w, https:\/\/lo1.szczecin.pl\/wp-content\/uploads\/2022\/08\/Zdjecie.-Altamura-C-16-270x300.jpg 270w, https:\/\/lo1.szczecin.pl\/wp-content\/uploads\/2022\/08\/Zdjecie.-Altamura-C-16-768x853.jpg 768w, https:\/\/lo1.szczecin.pl\/wp-content\/uploads\/2022\/08\/Zdjecie.-Altamura-C-16.jpg 1080w\" sizes=\"auto, (max-width: 452px) 100vw, 452px\" \/><\/figure><\/div>\n\n\n\n<figure class=\"wp-block-image size-large\"><img loading=\"lazy\" decoding=\"async\" width=\"1024\" height=\"768\" src=\"http:\/\/lo1.szczecin.pl\/wp-content\/uploads\/2022\/08\/zdjecie-Altamura-2022-C-16-2-1024x768.jpg\" alt=\"\" class=\"wp-image-5319\" srcset=\"https:\/\/lo1.szczecin.pl\/wp-content\/uploads\/2022\/08\/zdjecie-Altamura-2022-C-16-2-1024x768.jpg 1024w, https:\/\/lo1.szczecin.pl\/wp-content\/uploads\/2022\/08\/zdjecie-Altamura-2022-C-16-2-300x225.jpg 300w, https:\/\/lo1.szczecin.pl\/wp-content\/uploads\/2022\/08\/zdjecie-Altamura-2022-C-16-2-768x576.jpg 768w, https:\/\/lo1.szczecin.pl\/wp-content\/uploads\/2022\/08\/zdjecie-Altamura-2022-C-16-2-1536x1152.jpg 1536w, https:\/\/lo1.szczecin.pl\/wp-content\/uploads\/2022\/08\/zdjecie-Altamura-2022-C-16-2.jpg 1600w\" sizes=\"auto, (max-width: 1024px) 100vw, 1024px\" \/><\/figure>\n\n\n\n<div class=\"wp-block-image\"><figure class=\"aligncenter size-large is-resized\"><img loading=\"lazy\" decoding=\"async\" src=\"http:\/\/lo1.szczecin.pl\/wp-content\/uploads\/2022\/08\/zdjecie-Altamura-2022-Matera-C-16-1024x988.jpg\" alt=\"\" class=\"wp-image-5321\" width=\"504\" height=\"486\" srcset=\"https:\/\/lo1.szczecin.pl\/wp-content\/uploads\/2022\/08\/zdjecie-Altamura-2022-Matera-C-16-1024x988.jpg 1024w, https:\/\/lo1.szczecin.pl\/wp-content\/uploads\/2022\/08\/zdjecie-Altamura-2022-Matera-C-16-300x289.jpg 300w, https:\/\/lo1.szczecin.pl\/wp-content\/uploads\/2022\/08\/zdjecie-Altamura-2022-Matera-C-16-768x741.jpg 768w, https:\/\/lo1.szczecin.pl\/wp-content\/uploads\/2022\/08\/zdjecie-Altamura-2022-Matera-C-16.jpg 1080w\" sizes=\"auto, (max-width: 504px) 100vw, 504px\" \/><\/figure><\/div>\n\n\n\n<figure class=\"wp-block-image size-large\"><img loading=\"lazy\" decoding=\"async\" width=\"1024\" height=\"768\" src=\"http:\/\/lo1.szczecin.pl\/wp-content\/uploads\/2022\/08\/zdjecie-Altamura-2022-C-16-4-1024x768.jpg\" alt=\"\" class=\"wp-image-5324\" srcset=\"https:\/\/lo1.szczecin.pl\/wp-content\/uploads\/2022\/08\/zdjecie-Altamura-2022-C-16-4-1024x768.jpg 1024w, https:\/\/lo1.szczecin.pl\/wp-content\/uploads\/2022\/08\/zdjecie-Altamura-2022-C-16-4-300x225.jpg 300w, https:\/\/lo1.szczecin.pl\/wp-content\/uploads\/2022\/08\/zdjecie-Altamura-2022-C-16-4-768x576.jpg 768w, https:\/\/lo1.szczecin.pl\/wp-content\/uploads\/2022\/08\/zdjecie-Altamura-2022-C-16-4-1536x1152.jpg 1536w, https:\/\/lo1.szczecin.pl\/wp-content\/uploads\/2022\/08\/zdjecie-Altamura-2022-C-16-4.jpg 1600w\" sizes=\"auto, (max-width: 1024px) 100vw, 1024px\" \/><\/figure>\n\n\n\n<p><a href=\"https:\/\/www.facebook.com\/104527878393109\/videos\/560393115516653\/?extid=CL-UNK-UNK-UNK-AN_GK0T-GK1C&amp;ref=sharing\">Laboratorio Erasmus Altamura, C16, &#8222;Naufragio a braccia aperte&#8221; | By Sui Palchi di scuola- Erasmus Plus ka 229 | Facebook<\/a><\/p>\n","protected":false},"excerpt":{"rendered":"<p>VIRTUAL MOBILITY ERASMUS PLUS\u00a0 ALTAMURA (W\u0141OCHY) W DNIACH 11-12-13 CZERWCA 2021\u00a0\u00a0Progetto &#8211;\u00a0 \u201e Sui palchi di scuola\u201d- KA 229 2019-1-IT02-KA229-062311_5 MOBILITA` BLENDED ERASMUS PLUS ALTAMURA\u00a0 (W\u0141OCHY)\u00a0 W DNIACH 14 \u2013 16 GRUDNIA 2020\u00a0\u00a0Progetto &#8211;\u00a0 \u201e Sui palchi di scuola\u201d- KA 229 2019-1-IT02-KA229-062311_5 &nbsp;&nbsp;&nbsp;&nbsp;&nbsp;&nbsp;&nbsp;&nbsp; Ze wzgl\u0119du na czas pandemii koronawirusa Koordynator g\u0142\u00f3wny (Liceum Cagnazzi-Altamura) zdecydowa\u0142 si\u0119 [&hellip;]<\/p>\n","protected":false},"author":1,"featured_media":0,"parent":4819,"menu_order":6,"comment_status":"closed","ping_status":"closed","template":"","meta":{"footnotes":""},"class_list":["post-5196","page","type-page","status-publish","hentry"],"_links":{"self":[{"href":"https:\/\/lo1.szczecin.pl\/index.php\/wp-json\/wp\/v2\/pages\/5196","targetHints":{"allow":["GET"]}}],"collection":[{"href":"https:\/\/lo1.szczecin.pl\/index.php\/wp-json\/wp\/v2\/pages"}],"about":[{"href":"https:\/\/lo1.szczecin.pl\/index.php\/wp-json\/wp\/v2\/types\/page"}],"author":[{"embeddable":true,"href":"https:\/\/lo1.szczecin.pl\/index.php\/wp-json\/wp\/v2\/users\/1"}],"replies":[{"embeddable":true,"href":"https:\/\/lo1.szczecin.pl\/index.php\/wp-json\/wp\/v2\/comments?post=5196"}],"version-history":[{"count":19,"href":"https:\/\/lo1.szczecin.pl\/index.php\/wp-json\/wp\/v2\/pages\/5196\/revisions"}],"predecessor-version":[{"id":5447,"href":"https:\/\/lo1.szczecin.pl\/index.php\/wp-json\/wp\/v2\/pages\/5196\/revisions\/5447"}],"up":[{"embeddable":true,"href":"https:\/\/lo1.szczecin.pl\/index.php\/wp-json\/wp\/v2\/pages\/4819"}],"wp:attachment":[{"href":"https:\/\/lo1.szczecin.pl\/index.php\/wp-json\/wp\/v2\/media?parent=5196"}],"curies":[{"name":"wp","href":"https:\/\/api.w.org\/{rel}","templated":true}]}}