{"id":53,"date":"2017-02-07T12:27:55","date_gmt":"2017-02-07T11:27:55","guid":{"rendered":"http:\/\/serwer1646903.home.pl\/lo1\/?page_id=53"},"modified":"2024-09-16T21:04:15","modified_gmt":"2024-09-16T19:04:15","slug":"samorzad-uczniowski","status":"publish","type":"page","link":"https:\/\/lo1.szczecin.pl\/index.php\/dla-uczniow\/samorzad-uczniowski\/","title":{"rendered":"Samorz\u0105d Uczniowski"},"content":{"rendered":"\n<h4 class=\"wp-block-heading\"><strong>Rok szkolny 2024\/2025<\/strong><\/h4>\n\n\n\n<ul class=\"wp-block-list\">\n<li>Agata Dobiecka &#8211; przewodnicz\u0105ca SU &#8211; kl. 3H<\/li>\n\n\n\n<li>Bianka Koniarz &#8211; wiceprzewodnicz\u0105ca &#8211; kl. 3A<\/li>\n\n\n\n<li>Dawid Baczmaga &#8211; kl. 2A, Jakub Ott &#8211; kl. 2G &#8211; sekretarze<\/li>\n\n\n\n<li>Cz\u0142onkowie: Kajetan Ostrowski &#8211; 3A, Lena R\u0105pa\u0142a-Pi\u00f3rkowska &#8211; 4D, Izabela Po\u017carycka 3D, Zofia Stankiewicz 4B, Lena Filipczak 2J, Krzysztof Pankowski-Jankowski 4A, Zuzanna K\u0119dzia 2K, Amelia \u017bugaj 3B, Lidia Jurksztowicz 2K, Julia Nguyen 3A, Natalia Ott 3D<\/li>\n<\/ul>\n\n\n\n<h4 class=\"wp-block-heading\"><strong>Rok szkolny 2023\/2024<\/strong><\/h4>\n\n\n\n<figure class=\"wp-block-table\"><table  class=\" table table-hover\" ><tbody><tr><td>Sk\u0142ad Samorz\u0105du <br>Uczniowskiego 2023\/2024<\/td><td>Funkcja<\/td><\/tr><tr><td><strong>Maja Filipczak <\/strong><\/td><td>przewodnicz\u0105ca &#8211; 4 d<\/td><\/tr><tr><td><strong>Karolina Kurczak<\/strong><\/td><td>zast\u0119pca &#8211; 4 d<\/td><\/tr><tr><td><strong>Malwina Szybowicz<\/strong><\/td><td>sekretarz &#8211; 3 g<\/td><\/tr><tr><td><strong>Bartosz Baczmaga <\/strong><\/td><td>sekretarz &#8211; 4 c<\/td><\/tr><tr><td>Agata Dobiecka<\/td><td>2 h<\/td><\/tr><tr><td>Aleksandra Kostarczyk<\/td><td>4 d<\/td><\/tr><tr><td>Bianka Koniarz<\/td><td>2 a<\/td><\/tr><tr><td>Igor Stachura<\/td><td>3 d<\/td><\/tr><tr><td>Julia Rychli\u0144ska<\/td><td>4 a<\/td><\/tr><tr><td>Franciszek Wo\u015b<\/td><td>2 i<\/td><\/tr><tr><td>Kajetan Ostrowski<\/td><td>2 b<\/td><\/tr><tr><td>Lena R\u0105pa\u0142a<\/td><td>3 d<\/td><\/tr><tr><td>Marcin Fabisiak <\/td><td>4 c<\/td><\/tr><tr><td>R\u00f3\u017ca Zakrzewska <\/td><td>4 d<\/td><\/tr><tr><td>Karol Rudy<\/td><td>4 a<\/td><\/tr><tr><td><strong>p. Bartosz Bynowski<\/strong><\/td><td><strong>Opiekun SU<\/strong><\/td><\/tr><\/tbody><\/table><\/figure>\n\n\n\n<p><\/p>\n\n\n\n<h4 class=\"wp-block-heading\">Rok szkolny 2022\/2023<\/h4>\n\n\n<div class=\"wp-block-image\">\n<figure class=\"alignleft size-large is-resized\"><img loading=\"lazy\" decoding=\"async\" width=\"960\" height=\"960\" src=\"http:\/\/lo1.szczecin.pl\/wp-content\/uploads\/2019\/09\/67173238_2244665465630904_2719132765621583872_n.jpg\" alt=\"\" class=\"wp-image-3184\" style=\"width:93px;height:93px\" srcset=\"https:\/\/lo1.szczecin.pl\/wp-content\/uploads\/2019\/09\/67173238_2244665465630904_2719132765621583872_n.jpg 960w, https:\/\/lo1.szczecin.pl\/wp-content\/uploads\/2019\/09\/67173238_2244665465630904_2719132765621583872_n-150x150.jpg 150w, https:\/\/lo1.szczecin.pl\/wp-content\/uploads\/2019\/09\/67173238_2244665465630904_2719132765621583872_n-300x300.jpg 300w, https:\/\/lo1.szczecin.pl\/wp-content\/uploads\/2019\/09\/67173238_2244665465630904_2719132765621583872_n-768x768.jpg 768w, https:\/\/lo1.szczecin.pl\/wp-content\/uploads\/2019\/09\/67173238_2244665465630904_2719132765621583872_n-60x60.jpg 60w\" sizes=\"auto, (max-width: 960px) 100vw, 960px\" \/><\/figure><\/div>\n\n\n<figure class=\"wp-block-table\"><table  class=\" table table-hover\" ><tbody><tr><td>Sk\u0142ad Samorz\u0105du Uczniowskiego 2022\/2023<\/td><td>Funkcja<\/td><\/tr><tr><td><strong>Maja Filipczak<\/strong><\/td><td><strong>przewodnicz\u0105ca &#8211; kl. 3d<\/strong><\/td><\/tr><tr><td><strong>Bartosz Baczmaga<\/strong><\/td><td>zast\u0119pca &#8211; kl. 3 c<\/td><\/tr><tr><td><strong>Magdalena Mali\u0144ska<\/strong><\/td><td>sekretarz &#8211; kl. 4 d<\/td><\/tr><tr><td><strong>Tristan Belter<\/strong><\/td><td>cz\u0142onek &#8211; kl. 4 g<\/td><\/tr><tr><td><strong>Marcin Fabisiak<\/strong><\/td><td>cz\u0142onek &#8211; kl. 3 c<\/td><\/tr><tr><td><strong>Jakub Kowalski<\/strong><\/td><td>cz\u0142onek &#8211; kl. 3 a<\/td><\/tr><tr><td><strong>Magdalena Grze\u015bkowiak<\/strong><\/td><td>cz\u0142onek &#8211; kl. 2 d<\/td><\/tr><tr><td><strong>Malwina Szybowicz<\/strong><\/td><td>cz\u0142onek &#8211; kl. 2 g<\/td><\/tr><tr><td><strong>Julia Rychli\u0144ska <\/strong><\/td><td>cz\u0142onek &#8211; kl. 3 a<\/td><\/tr><tr><td><strong>Aleksandra Finkowicz<\/strong><\/td><td>cz\u0142onek &#8211; kl. 2 b<\/td><\/tr><tr><td><strong>Karolina Kurczak <\/strong><\/td><td>cz\u0142onek &#8211; kl. 3 d<\/td><\/tr><tr><td>Karolina Jurksztowicz<\/td><td>cz\u0142onek &#8211; kl. 4 f<\/td><\/tr><tr><td>Anna Szatanek<\/td><td>cz\u0142onek &#8211; kl. kl 3 a<\/td><\/tr><tr><td>Zuzanna Studzi\u0144ska<\/td><td>cz\u0142onek kl. 4 c<\/td><\/tr><tr><td>Emila Adrianek<\/td><td>cz\u0142onek &#8211; kl 4 c<\/td><\/tr><tr><td><strong>p. Bartosz Bynowski<\/strong><\/td><td><strong>Opiekun Samorz\u0105du Uczniowskiego<\/strong><\/td><\/tr><\/tbody><\/table><\/figure>\n\n\n\n<h4 class=\"wp-block-heading\"><strong>Rok szkolny 2021\/2022<\/strong><\/h4>\n\n\n<div class=\"wp-block-image\">\n<figure class=\"alignleft size-large is-resized\"><img loading=\"lazy\" decoding=\"async\" width=\"960\" height=\"960\" src=\"http:\/\/lo1.szczecin.pl\/wp-content\/uploads\/2019\/09\/67173238_2244665465630904_2719132765621583872_n.jpg\" alt=\"\" class=\"wp-image-3184\" style=\"width:110px;height:110px\" srcset=\"https:\/\/lo1.szczecin.pl\/wp-content\/uploads\/2019\/09\/67173238_2244665465630904_2719132765621583872_n.jpg 960w, https:\/\/lo1.szczecin.pl\/wp-content\/uploads\/2019\/09\/67173238_2244665465630904_2719132765621583872_n-150x150.jpg 150w, https:\/\/lo1.szczecin.pl\/wp-content\/uploads\/2019\/09\/67173238_2244665465630904_2719132765621583872_n-300x300.jpg 300w, https:\/\/lo1.szczecin.pl\/wp-content\/uploads\/2019\/09\/67173238_2244665465630904_2719132765621583872_n-768x768.jpg 768w, https:\/\/lo1.szczecin.pl\/wp-content\/uploads\/2019\/09\/67173238_2244665465630904_2719132765621583872_n-60x60.jpg 60w\" sizes=\"auto, (max-width: 960px) 100vw, 960px\" \/><\/figure><\/div>\n\n\n<figure class=\"wp-block-table\"><table  class=\" table table-hover\" ><tbody><tr><td><strong>Sk\u0142ad Samorz\u0105du 2021\/2022<\/strong><\/td><td><strong>Funkcja<\/strong><\/td><\/tr><tr><td><strong>Kinga Rozkrut<\/strong><\/td><td><strong>przewodnicz\u0105ca &#8211; kl. 3gg<\/strong><\/td><\/tr><tr><td><strong>Mateusz Zajdecki<\/strong><\/td><td>zast\u0119pca &#8211; kl. 3 fp<\/td><\/tr><tr><td><strong>Aleksandra \u0141adna<\/strong><\/td><td>sekretarz &#8211; kl. 3 bg<\/td><\/tr><tr><td><strong>Bernadeta Cie\u015blicka<\/strong><\/td><td>cz\u0142onek &#8211; kl. 3 dg<\/td><\/tr><tr><td><strong>Zuzanna Przelaskowska<\/strong><\/td><td>cz\u0142onek &#8211; kl. 2 bp<\/td><\/tr><tr><td><strong>Gabriela Jurksztowicz<\/strong><\/td><td>cz\u0142onek &#8211; kl. 3 fp<\/td><\/tr><tr><td><strong>Anna Szatanek<\/strong><\/td><td>cz\u0142onek &#8211; kl. 2 ap<\/td><\/tr><tr><td><strong>Natalia Po\u0142onka<\/strong><\/td><td>cz\u0142onek &#8211; kl. bg<\/td><\/tr><tr><td><strong>Micha\u0142 Kasietczuk<\/strong><\/td><td>cz\u0142onek &#8211; kl. 3 bp<\/td><\/tr><tr><td><strong>Julia Ziembicka<\/strong><\/td><td>cz\u0142onek &#8211; kl. fg<\/td><\/tr><tr><td><strong>Maja Filipczak<\/strong><\/td><td>cz\u0142onek &#8211; kl. 2 dp<\/td><\/tr><tr><td><strong>Oliwia Grzyb<\/strong><\/td><td>cz\u0142onek &#8211; kl. 3 ap<\/td><\/tr><tr><td><strong>Zuzanna Studzi\u0144ska<\/strong><\/td><td>cz\u0142onek &#8211; kl. 3 cp<\/td><\/tr><tr><td><strong>Emilia Adrianek<\/strong><\/td><td>cz\u0142onek &#8211; kl. 3 cp<\/td><\/tr><tr><td><strong>Julia Orkiszewska<\/strong><\/td><td>cz\u0142onek &#8211; kl. 3 gg<\/td><\/tr><tr><td><strong>p. Bartosz Bynowski <\/strong><\/td><td><strong>Opiekun Samorz\u0105du Uczniowskiego<\/strong><\/td><\/tr><\/tbody><\/table><\/figure>\n\n\n<h3><strong><br \/>Rok szkolny 2020\/2021<\/strong><img loading=\"lazy\" decoding=\"async\" class=\"wp-image-3184 alignleft\" src=\"http:\/\/lo1.szczecin.pl\/wp-content\/uploads\/2019\/09\/67173238_2244665465630904_2719132765621583872_n-300x300.jpg\" alt=\"\" width=\"99\" height=\"99\" srcset=\"https:\/\/lo1.szczecin.pl\/wp-content\/uploads\/2019\/09\/67173238_2244665465630904_2719132765621583872_n-300x300.jpg 300w, https:\/\/lo1.szczecin.pl\/wp-content\/uploads\/2019\/09\/67173238_2244665465630904_2719132765621583872_n-150x150.jpg 150w, https:\/\/lo1.szczecin.pl\/wp-content\/uploads\/2019\/09\/67173238_2244665465630904_2719132765621583872_n-768x768.jpg 768w, https:\/\/lo1.szczecin.pl\/wp-content\/uploads\/2019\/09\/67173238_2244665465630904_2719132765621583872_n-60x60.jpg 60w, https:\/\/lo1.szczecin.pl\/wp-content\/uploads\/2019\/09\/67173238_2244665465630904_2719132765621583872_n.jpg 960w\" sizes=\"auto, (max-width: 99px) 100vw, 99px\" \/><\/h3>\n<p><strong>&nbsp;<\/strong><\/p>\n<hr>\n\n\n<figure class=\"wp-block-table\"><table  class=\" table table-hover\" ><tbody><tr><td><strong>Sk\u0142ad Samorz\u0105du<\/strong> <strong>2020\/2021<\/strong><\/td><td><strong>Funkcja <\/strong><\/td><\/tr><tr><td><strong>Aleksandra Mazurek<\/strong><\/td><td><strong>przewodnicz\u0105ca &#8211; kl. 3 d<\/strong><\/td><\/tr><tr><td><strong>Ewelina Kozakiewicz<\/strong><\/td><td>zast\u0119pca &#8211; kl. 3 g<\/td><\/tr><tr><td><strong>Agnieszka Szczepkowska<\/strong><\/td><td>zast\u0119pca &#8211; kl. 3 b<\/td><\/tr><tr><td><strong>Diana Komorowicz<\/strong><\/td><td>cz\u0142onek &#8211; kl. 3 d<\/td><\/tr><tr><td><strong>Oktawia Szyma\u0144ska<\/strong><\/td><td>cz\u0142onek &#8211; kl. 3 d<\/td><\/tr><tr><td><strong>Julia Modrzejewska<\/strong><\/td><td>cz\u0142onek &#8211; kl. 3 g<\/td><\/tr><tr><td><strong>Kajetan Januszkiewicz<\/strong><\/td><td>cz\u0142onek &#8211; kl. 3 g<\/td><\/tr><tr><td><strong>Adam Biernacki<\/strong><\/td><td>cz\u0142onek &#8211; kl. 3 c<\/td><\/tr><tr><td><strong>Konrad Moroz<\/strong><\/td><td>cz\u0142onek &#8211; kl. 3 c<\/td><\/tr><tr><td><strong>\u0141ukasz Sznajderowicz<\/strong><\/td><td>cz\u0142onek &#8211; kl. 3 c<\/td><\/tr><tr><td><strong>Jakub Czerniawski<\/strong><\/td><td>cz\u0142onek &#8211; kl. 3 c<\/td><\/tr><tr><td><strong>Kacper Konarski <\/strong><\/td><td>cz\u0142onek &#8211; kl. 3 c<\/td><\/tr><tr><td><strong>Tymoteusz \u015awitlik<\/strong><\/td><td>cz\u0142onek &#8211; kl. 3 c<\/td><\/tr><tr><td><strong>Micha\u0142 Kasietczuk<\/strong><\/td><td>cz\u0142onek &#8211; kl. 2 b<\/td><\/tr><tr><td><strong>Mateusz Zajdecki <\/strong><\/td><td>cz\u0142onek &#8211; kl. 2 f<\/td><\/tr><tr><td><strong>Mateusz Morawski<\/strong><\/td><td>cz\u0142onek<\/td><\/tr><tr><td><strong>p.<\/strong> <strong>Katarzyna Owsi\u0144ska <\/strong><\/td><td><strong>Opiekun Samorz\u0105du Uczniowskiego<\/strong><\/td><\/tr><\/tbody><\/table><\/figure>\n","protected":false},"excerpt":{"rendered":"<p>Rok szkolny 2024\/2025 Rok szkolny 2023\/2024 Sk\u0142ad Samorz\u0105du Uczniowskiego 2023\/2024 Funkcja Maja Filipczak przewodnicz\u0105ca &#8211; 4 d Karolina Kurczak zast\u0119pca &#8211; 4 d Malwina Szybowicz sekretarz &#8211; 3 g Bartosz Baczmaga sekretarz &#8211; 4 c Agata Dobiecka 2 h Aleksandra Kostarczyk 4 d Bianka Koniarz 2 a Igor Stachura 3 d Julia Rychli\u0144ska 4 a [&hellip;]<\/p>\n","protected":false},"author":1,"featured_media":0,"parent":10,"menu_order":3,"comment_status":"closed","ping_status":"closed","template":"","meta":{"footnotes":""},"class_list":["post-53","page","type-page","status-publish","hentry"],"_links":{"self":[{"href":"https:\/\/lo1.szczecin.pl\/index.php\/wp-json\/wp\/v2\/pages\/53","targetHints":{"allow":["GET"]}}],"collection":[{"href":"https:\/\/lo1.szczecin.pl\/index.php\/wp-json\/wp\/v2\/pages"}],"about":[{"href":"https:\/\/lo1.szczecin.pl\/index.php\/wp-json\/wp\/v2\/types\/page"}],"author":[{"embeddable":true,"href":"https:\/\/lo1.szczecin.pl\/index.php\/wp-json\/wp\/v2\/users\/1"}],"replies":[{"embeddable":true,"href":"https:\/\/lo1.szczecin.pl\/index.php\/wp-json\/wp\/v2\/comments?post=53"}],"version-history":[{"count":31,"href":"https:\/\/lo1.szczecin.pl\/index.php\/wp-json\/wp\/v2\/pages\/53\/revisions"}],"predecessor-version":[{"id":7018,"href":"https:\/\/lo1.szczecin.pl\/index.php\/wp-json\/wp\/v2\/pages\/53\/revisions\/7018"}],"up":[{"embeddable":true,"href":"https:\/\/lo1.szczecin.pl\/index.php\/wp-json\/wp\/v2\/pages\/10"}],"wp:attachment":[{"href":"https:\/\/lo1.szczecin.pl\/index.php\/wp-json\/wp\/v2\/media?parent=53"}],"curies":[{"name":"wp","href":"https:\/\/api.w.org\/{rel}","templated":true}]}}