{"id":877,"date":"2017-02-24T17:59:08","date_gmt":"2017-02-24T16:59:08","guid":{"rendered":"http:\/\/serwer1646903.home.pl\/lo1\/?page_id=877"},"modified":"2026-04-15T10:02:55","modified_gmt":"2026-04-15T08:02:55","slug":"konkursy-2","status":"publish","type":"page","link":"https:\/\/lo1.szczecin.pl\/index.php\/dzialalnosc\/konkursy-2\/","title":{"rendered":"Konkursy"},"content":{"rendered":"<p>&nbsp;<\/p>\n<hr \/>\n<h3>Konkursy w roku szkolnym 2025\/2026<\/h3>\n<hr \/>\n<p><strong>Drodzy Pa\u0144stwo, z przyczyn niezale\u017cnych od organizator\u00f3w zmianie uleg\u0142 termin konkursu , o czym informujemy na stronie szko\u0142y <\/strong><strong>(informacja o zmianie terminu zosta\u0142a podana 30.03.2026r.).<\/strong><\/p>\n<p><strong>Jeszcze raz bardzo przepraszamy i zapraszamy 21.04.2026r. o godz. 11.00 do auli szkolnej.<\/strong><\/p>\n<h5>\u00a0<\/h5>\n<h5><strong>I LO w Szczecinie <\/strong><strong>zaprasza uczni\u00f3w\u00a0 klas si\u00f3dmej i \u00f3smej szko\u0142y\u00a0 podstawowej do wzi\u0119cia udzia\u0142u<\/strong><\/h5>\n<h5><strong>w IX EDYCJI KONKURSU CHEMICZNO-FIZYCZNEGO Z ELEMENTAMI WIEDZY\u00a0 O MARII SK\u0141ODOWSKIEJ-CURIE <\/strong><\/h5>\n<p>Konkurs obj\u0119ty Mecenatem Miasta Szczecin oraz Patronatem Zachodniopomorskiego Kuratora O\u015bwiaty<\/p>\n<p>Motto IX edycji konkursu brzmi:<\/p>\n<p><strong>\u201eRad nie powinien wzbogaci<\/strong><strong>\u0107<\/strong><strong> nikogo.<\/strong><\/p>\n<p><strong>Nale<\/strong><strong>\u017c<\/strong><strong>y do wszystkich ludzi.<\/strong><strong> \u201d<\/strong><\/p>\n<p>Konkurs\u00a0 jest kontynuacj\u0105 edycji ubieg\u0142orocznej i przeznaczony jest dla uczni\u00f3w wojew\u00f3dztwa zachodniopomorskiego. Zawiera pytania z zakresu chemii, fizyki a tak\u017ce \u017cycia i osi\u0105gni\u0119\u0107 Marii Sk\u0142odowskiej-Curie. Jego celem\u00a0 jest zar\u00f3wno popularyzacja wiedzy o \u017cyciu, dzia\u0142alno\u015bci i osi\u0105gni\u0119ciach naukowych Marii Sk\u0142odowskiej-Curie oraz ich wsp\u00f3\u0142czesnym wykorzystaniu. Celem konkursu jest r\u00f3wnie\u017c podnoszenie poziomu nauczania przedmiot\u00f3w przyrodniczych, pog\u0142\u0119bianie zainteresowania naukami przyrodniczymi oraz u\u0142atwienie\u00a0 uczniom wyboru szko\u0142y \u015bredniej. Termin &#8211; <strong>21.<\/strong><strong>04.2026 r o godzinie 11.00<\/strong><\/p>\n<p><strong>Szczeg\u00f3\u0142y konkursu zawarte s\u0105 w regulaminie &#8211; <a href=\"https:\/\/lo1.szczecin.pl\/wp-content\/uploads\/2026\/04\/REGULAMIN-KONKURSU-IX-ed-2026.pdf\">REGULAMIN KONKURSU IX ed 2026<\/a><\/strong><\/p>\n<p>Organizatorzy konkursu<\/p>\n<hr \/>\n<p>Wyniki:<strong> <a href=\"https:\/\/lo1.szczecin.pl\/wp-content\/uploads\/2026\/02\/Oto-ja-i-kosmos_zestawienie-na-strone.pdf\">Oto ja i kosmos<\/a><span class=\"html-span xdj266r x14z9mp xat24cr x1lziwak xexx8yu xyri2b x18d9i69 x1c1uobl x1hl2dhg x16tdsg8 x1vvkbs x4k7w5x x1h91t0o x1h9r5lt x1jfb8zj xv2umb2 x1beo9mf xaigb6o x12ejxvf x3igimt xarpa2k xedcshv x1lytzrv x1t2pt76 x7ja8zs x1qrby5j\"><span class=\"x193iq5w xeuugli x13faqbe x1vvkbs x1xmvt09 x1lliihq x1s928wv xhkezso x1gmr53x x1cpjm7i x1fgarty x1943h6x xudqn12 x3x7a5m x6prxxf xvq8zen xo1l8bm xzsf02u\" dir=\"auto\"><br \/>Organizatorzy przypominaj\u0105, \u017ce uroczysto\u015b\u0107 wr\u0119czenia nagr\u00f3d laureatom konkursu odb\u0119dzie si\u0119 19 marca (czwartek) 2026 roku, o godz. 11.00, w Auli I LO. Serdecznie zapraszamy laureat\u00f3w wraz z opiekunami.<\/span><\/span><\/strong><\/p>\n<hr \/>\n<p><strong>I LO w Szczecinie <\/strong><strong>zaprasza uczni\u00f3w\u00a0 klas VII i VII szko\u0142y\u00a0 podstawowej do wzi\u0119cia udzia\u0142u<\/strong><\/p>\n<p><strong>w IX EDYCJI KONKURSU CHEMICZNO-FIZYCZNEGO Z ELEMENTAMI WIEDZY O MARII SK\u0141ODOWSKIEJ-CURIE <\/strong><\/p>\n<p>Konkurs obj\u0119ty Mecenatem Miasta Szczecin oraz Patronatem Zachodniopomorskiego Kuratora O\u015bwiaty<\/p>\n<p>Motto IX edycji konkursu brzmi:<\/p>\n<p><strong>\u201eRad nie powinien wzbogaci<\/strong><strong>\u0107<\/strong><strong> nikogo. <\/strong><strong>Nale<\/strong><strong>\u017c<\/strong><strong>y do wszystkich ludzi.<\/strong><strong> \u201d<\/strong><\/p>\n<p>Konkurs\u00a0 jest kontynuacj\u0105 edycji ubieg\u0142orocznej i przeznaczony jest dla uczni\u00f3w wojew\u00f3dztwa zachodniopomorskiego. Zawiera pytania z zakresu chemii, fizyki a tak\u017ce \u017cycia i osi\u0105gni\u0119\u0107 Marii Sk\u0142odowskiej-Curie. Jego celem\u00a0 jest zar\u00f3wno popularyzacja wiedzy\u00a0\u00a0\u00a0\u00a0\u00a0\u00a0\u00a0\u00a0\u00a0\u00a0 o \u017cyciu, dzia\u0142alno\u015bci i osi\u0105gni\u0119ciach naukowych Marii Sk\u0142odowskiej-Curie oraz ich wsp\u00f3\u0142czesnym wykorzystaniu. Celem konkursu jest r\u00f3wnie\u017c podnoszenie poziomu nauczania przedmiot\u00f3w przyrodniczych, pog\u0142\u0119bianie zainteresowania naukami przyrodniczymi oraz u\u0142atwienie\u00a0 uczniom wyboru szko\u0142y \u015bredniej.<\/p>\n<p>\u00a0Tegoroczny konkurs odb\u0119dzie si\u0119 w auli I Liceum <strong>14.04.2026 r o godzinie 11.00<\/strong><\/p>\n<p>Szczeg\u00f3\u0142y konkursu zawarte s\u0105 w regulaminie.<\/p>\n<p>Regulamin &#8211; <a href=\"https:\/\/lo1.szczecin.pl\/wp-content\/uploads\/2026\/02\/REGULAMIN-KONKURSU-IX-ed-2026.pdf\">REGULAMIN KONKURSU IX ed 2026<\/a><\/p>\n<p>Karta zg\u0142oszenia &#8211; <a href=\"https:\/\/lo1.szczecin.pl\/wp-content\/uploads\/2026\/02\/Karta-zgloszenia-2.pdf\">Karta zg\u0142oszenia<\/a><\/p>\n<hr \/>\n<p><strong>Szczecin i region w s\u0142owie i obrazie.<\/strong><\/p>\n<p><strong>XIX edycja konkursu wojew\u00f3dzkiego <\/strong><strong>adresowanego do uczni\u00f3w klas VII i VIII szk\u00f3\u0142 podstawowych<\/strong><\/p>\n<p>Regulamin &#8211; <a href=\"https:\/\/lo1.szczecin.pl\/wp-content\/uploads\/2026\/02\/regulamin-konkurs-2026.pdf\">regulamin konkurs 2026<\/a><\/p>\n<p>&nbsp;<\/p>\n<hr \/>\n<p><strong>Szczeci\u0144ski oddzia\u0142 Stowarzyszenia Nauczycieli Polonist\u00f3w, I Liceum Og\u00f3lnokszta\u0142c\u0105ce\u00a0 <\/strong><strong>im. Marii Sk\u0142odowskiej-Curie w Szczecinie i Szko\u0142a Podstawowa nr 53 w Szczecinie po raz osiemnasty organizuj\u0105 Wojew\u00f3dzki Konkurs Literacki &#8211; w tym roku pod tytu\u0142em <em>Oto ja i kosmos. <\/em>\u00a0W\u00a0konkursie mo\u017ce wzi\u0105\u0107 udzia\u0142 ka\u017cdy ucze\u0144 wojew\u00f3dztwa zachodniopomorskiego klas IV &#8211; VIII szko\u0142y podstawowej oraz szko\u0142y ponadpodstawowej.<\/strong><\/p>\n<p><a href=\"https:\/\/lo1.szczecin.pl\/wp-content\/uploads\/2025\/10\/Regulamin-Oto-ja-2025-2026-1.pdf\"><strong>Regulamin Oto ja- 2025-2026<\/strong><\/a><\/p>\n<p><a href=\"https:\/\/lo1.szczecin.pl\/wp-content\/uploads\/2025\/12\/Klauzula-informacyjna-2025-2026.pdf\"><strong>Klauzula informacyjna 2025-2026<\/strong><\/a><\/p>\n<hr \/>\n<h3>Wykaz konkurs\u00f3w w roku szkolnym 2024\/2025<\/h3>\n<hr \/>\n<div class=\"html-div xdj266r x11i5rnm xat24cr x1mh8g0r xexx8yu x4uap5 x18d9i69 xkhd6sd x78zum5 xh8yej3\" role=\"presentation\">\n<div class=\"x1cy8zhl x78zum5 xdt5ytf x193iq5w x1n2onr6 x1kxipp6\">\n<div class=\"x78zum5 xh8yej3\" role=\"none\">\n<div class=\"html-div xdj266r x11i5rnm xat24cr x1mh8g0r xexx8yu x4uap5 x18d9i69 xkhd6sd x6ikm8r x10wlt62\">\n<div class=\"html-div xdj266r x11i5rnm xat24cr x1mh8g0r x14ctfv x13sv91t x6ikm8r x10wlt62 xerhiuh x1pn3fxy x12xxe5f x1szedp3 x1n2onr6 x1vjfegm x1k4qllp x1mzt3pk x13faqbe x1xr0vuk x1jm4cbz x1lmq8lz xrrpcnn x1xtl47e x13fuv20 xu3j5b3 x1q0q8m5 x26u7qi x19livfd x2t687o x3p3xfz x5od304 xp5s12f x11ucwad xgtuqic x155c047\" role=\"presentation\">\n<p class=\"html-div xexx8yu x4uap5 x18d9i69 xkhd6sd x1gslohp x11i5rnm x12nagc x1mh8g0r x1yc453h x126k92a x18lvrbx\" dir=\"auto\" style=\"text-align: center;\"><strong>Organizatorzy Konkursu chemiczno-fizycznego z elementami wiedzy o Marii Sk\u0142odowskiej informuj\u0105, \u017ce uroczyste wr\u0119czenie dyplom\u00f3w i nagr\u00f3d laureatom odb\u0119dzie si\u0119 06.06.2025 w auli szkolnej l LO o godz 11.00 Serdecznie zapraszamy laureat\u00f3w wraz z opiekunami.<\/strong><\/p>\n<\/div>\n<\/div>\n<div class=\"html-div xdj266r x11i5rnm xat24cr x1mh8g0r xexx8yu x4uap5 x18d9i69 xkhd6sd x1h91t0o xkh2ocl x78zum5 xdt5ytf x13a6bvl x193iq5w x1iyjqo2 x1eb86dx\" role=\"presentation\">\n<div class=\"html-div xdj266r x11i5rnm xat24cr x1mh8g0r xexx8yu x4uap5 x18d9i69 xkhd6sd x1r8uery x1iyjqo2\" role=\"presentation\"><hr \/><\/div>\n<\/div>\n<\/div>\n<\/div>\n<\/div>\n<p><strong>Szczecin i region w s\u0142owie i obrazie.<\/strong><\/p>\n<p><strong>XVIII edycja konkursu wojew\u00f3dzkiego\u00a0 <\/strong><strong>adresowanego do uczni\u00f3w klas VII i VIII szk\u00f3\u0142 podstawowych<\/strong><\/p>\n<p><strong>Regulamin &#8211; <\/strong><strong><a href=\"https:\/\/lo1.szczecin.pl\/wp-content\/uploads\/2025\/04\/regulamin-konkurs-2025.pdf\">regulamin konkurs 2025<\/a><\/strong><\/p>\n<hr \/>\n<h5 style=\"text-align: center;\"><strong>W tym roku prace konkursowe dotyczy\u0142y tematu <em>Oto ja i kultura. <\/em>Konkurs zosta\u0142 zorganizowany po raz siedemnasty, przez Szczeci\u0144ski oddzia\u0142 Stowarzyszenia Nauczycieli Polonist\u00f3w, I Liceum Og\u00f3lnokszta\u0142c\u0105ce im. Marii Sk\u0142odowskiej-Curie <br \/>w Szczecinie oraz Szko\u0142\u0119 Podstawow\u0105 nr 53 w Szczecinie.<\/strong><br \/><strong>Kolejno\u015b\u0107 nazwisk na li\u015bcie nie jest informacj\u0105 o miejscu.<\/strong><br \/><strong>Zapraszamy na uroczysto\u015b\u0107 wr\u0119czenia nagr\u00f3d dnia 13 marca (czwartek), o godz. 11.00 <br \/>do Auli I LO w Szczecinie (II pi\u0119tro).<\/strong><\/h5>\n<ul>\n<li><a href=\"https:\/\/lo1.szczecin.pl\/wp-content\/uploads\/2025\/02\/Oto-ja-i-kultura-lista-nagrodzonych-2.pdf\"><strong>Oto ja i kultura-lista nagrodzonych<\/strong><\/a><\/li>\n<\/ul>\n<hr \/><hr \/>\n<p>Szczeci\u0144ski oddzia\u0142 Stowarzyszenia Nauczycieli Polonist\u00f3w, I Liceum Og\u00f3lnokszta\u0142c\u0105ce <br \/>im. Marii Sk\u0142odowskiej-Curie w Szczecinie i Szko\u0142a Podstawowa nr 53 w Szczecinie po raz siedemnasty organizuj\u0105 Wojew\u00f3dzki Konkurs Literacki &#8211; w tym roku pod tytu\u0142em <strong><em>Oto ja i kultura. <\/em><\/strong>\u00a0W\u00a0konkursie mo\u017ce wzi\u0105\u0107 udzia\u0142 ka\u017cdy ucze\u0144 wojew\u00f3dztwa zachodniopomorskiego klas IV &#8211; VIII szko\u0142y podstawowej oraz szko\u0142y ponadpodstawowej.<\/p>\n<p><strong>Regulamin: <a href=\"https:\/\/lo1.szczecin.pl\/wp-content\/uploads\/2024\/10\/Regulamin-konkursu-Oto-ja-2024-2025.pdf\">Regulamin-konkursu-Oto-ja-2024-2025<\/a><\/strong><\/p>\n<hr \/>\n<h5><strong>I LO w Szczecinie <\/strong><strong>zaprasza uczni\u00f3w\u00a0 klas si\u00f3dmej i \u00f3smej szko\u0142y\u00a0 podstawowej do wzi\u0119cia udzia\u0142u <\/strong><strong>w VIII EDYCJI KONKURSU CHEMICZNO-FIZYCZNEGO Z ELEMENTAMI WIEDZY O MARII SK\u0141ODOWSKIEJ-CURIE <\/strong><\/h5>\n<p>Konkurs obj\u0119ty Mecenatem Miasta Szczecin oraz Patronatem Zachodniopomorskiego Kuratora O\u015bwiaty<\/p>\n<p>Motto VIII edycji konkursu brzmi:<\/p>\n<p><strong>\u201e<\/strong>Uczony jest w swojej pracowni nie tylko technikiem, lecz r\u00f3wnie\u017c dzieckiem wpatrzonym w zjawiska przyrody, wzruszaj\u0105ce jak czarodziejska ba\u015b\u0144.\u201d<\/p>\n<p>Konkurs\u00a0 jest kontynuacj\u0105 edycji ubieg\u0142orocznej i przeznaczony jest dla uczni\u00f3w wojew\u00f3dztwa zachodniopomorskiego. Zawiera pytania z zakresu chemii, fizyki a tak\u017ce \u017cycia i osi\u0105gni\u0119\u0107 Marii Sk\u0142odowskiej-Curie. Jego celem\u00a0 jest zar\u00f3wno popularyzacja wiedzy o \u017cyciu, dzia\u0142alno\u015bci i osi\u0105gni\u0119ciach naukowych Marii Sk\u0142odowskiej-Curie oraz ich wsp\u00f3\u0142czesnym wykorzystaniu. Celem konkursu jest r\u00f3wnie\u017c podnoszenie poziomu nauczania przedmiot\u00f3w przyrodniczych, pog\u0142\u0119bianie zainteresowania naukami przyrodniczymi oraz u\u0142atwienie\u00a0 uczniom wyboru szko\u0142y \u015bredniej.<\/p>\n<p>\u00a0Tegoroczny konkurs odb\u0119dzie si\u0119 w auli I Liceum <strong>8.04.2025 r o godzinie 11.00<\/strong><\/p>\n<p>Szczeg\u00f3\u0142y konkursu zawarte s\u0105 w regulaminie<\/p>\n<p>Organizatorzy konkursu<\/p>\n<p><strong><a href=\"https:\/\/lo1.szczecin.pl\/wp-content\/uploads\/2025\/03\/REGULAMIN-KONKURSU-VIII-ed-2025.pdf\">REGULAMIN KONKURSU VIII edycja 2025<\/a><\/strong><\/p>\n<p><a href=\"https:\/\/lo1.szczecin.pl\/wp-content\/uploads\/2024\/01\/karta-zgloszenia.pdf\"><strong>karta zg\u0142oszenia<\/strong><\/a><\/p>\n<hr \/><hr \/>\n<h3>Wykaz konkurs\u00f3w w roku szkolnym 2023\/2024<\/h3>\n<hr \/>\n<p><strong>&#8221; Szczecin i region w s\u0142owie i obrazie&#8221; &#8211; XVII edycja.<br \/>Konkurs dla uczni\u00f3w klas VII i VIII szk\u00f3\u0142 podstawowych.<br \/>Regulamin &#8211; <a href=\"https:\/\/lo1.szczecin.pl\/wp-content\/uploads\/2024\/02\/regulamin-konkurs-2024.pdf\">regulamin konkurs 2024<\/a><\/strong><\/p>\n<hr \/>\n<p><img loading=\"lazy\" decoding=\"async\" class=\"alignnone  wp-image-6559\" src=\"https:\/\/lo1.szczecin.pl\/wp-content\/uploads\/2024\/01\/info-o-konk-VII-2024-1-1-212x300.jpg\" alt=\"\" width=\"378\" height=\"535\" srcset=\"https:\/\/lo1.szczecin.pl\/wp-content\/uploads\/2024\/01\/info-o-konk-VII-2024-1-1-212x300.jpg 212w, https:\/\/lo1.szczecin.pl\/wp-content\/uploads\/2024\/01\/info-o-konk-VII-2024-1-1-724x1024.jpg 724w, https:\/\/lo1.szczecin.pl\/wp-content\/uploads\/2024\/01\/info-o-konk-VII-2024-1-1-768x1086.jpg 768w, https:\/\/lo1.szczecin.pl\/wp-content\/uploads\/2024\/01\/info-o-konk-VII-2024-1-1-1086x1536.jpg 1086w, https:\/\/lo1.szczecin.pl\/wp-content\/uploads\/2024\/01\/info-o-konk-VII-2024-1-1-1448x2048.jpg 1448w, https:\/\/lo1.szczecin.pl\/wp-content\/uploads\/2024\/01\/info-o-konk-VII-2024-1-1.jpg 1654w\" sizes=\"auto, (max-width: 378px) 100vw, 378px\" \/><\/p>\n<p><strong>Karta &#8211; <a href=\"https:\/\/lo1.szczecin.pl\/wp-content\/uploads\/2024\/01\/karta-zgloszenia.pdf\">karta zg\u0142oszenia<\/a><\/strong><br \/><strong>Regulamin &#8211; <\/strong><a href=\"https:\/\/lo1.szczecin.pl\/wp-content\/uploads\/2024\/01\/REGULAMIN-KONKURSU-VII-ed-2024.pdf\"><strong>REGULAMIN KONKURSU VII edycja 2024<\/strong><\/a><\/p>\n<hr \/>\n<div dir=\"auto\"><strong><strong><strong><strong>Szczeci\u0144ski oddzia\u0142 Stowarzyszenia Nauczycieli Polonist\u00f3w, I Liceum Og\u00f3lnokszta\u0142c\u0105ce im. Marii Sk\u0142odowskiej-Curie w Szczecinie i Szko\u0142a Podstawowa nr 53 w Szczecinie organizuj\u0105 XVI Wojew\u00f3dzki Konkurs Literacki &#8211; w tym roku pod tytu\u0142em &#8222;Oto ja i filozofia&#8221;.<\/strong><\/strong><\/strong><\/strong>\n<p>W konkursie mo\u017ce wzi\u0105\u0107 udzia\u0142 ka\u017cdy ucze\u0144 wojew\u00f3dztwa zachodniopomorskiego z klas IV &#8211; VIII szko\u0142y podstawowej oraz uczniowie ze szk\u00f3\u0142 ponadpodstawowych.<\/p>\n<\/div>\n<div dir=\"auto\">Zach\u0119camy do uczestnictwa. Szczeg\u00f3\u0142y w regulaminie konkursu.<\/div>\n<ul>\n<li dir=\"auto\"><strong>Regulamin<\/strong> <strong>&#8211; <\/strong><a href=\"http:\/\/lo1.szczecin.pl\/wp-content\/uploads\/2023\/11\/Oto-ja-i-filozofia-Regulamin-1.pdf\"><strong>Oto-ja-i-filozofia-Regulamin<\/strong><\/a><\/li>\n<li dir=\"auto\"><strong>Klauzula RODO<\/strong> &#8211; <a href=\"http:\/\/lo1.szczecin.pl\/wp-content\/uploads\/2023\/11\/RODO-zalaczniki-2023-2024-1.pdf\"><strong>RODO-za\u0142\u0105czniki-2023-2024<\/strong><\/a><\/li>\n<\/ul>\n<hr \/><hr \/>\n\n\n<p><\/p>\n\n\n\n<p><\/p>\n\n\n\n<p><\/p>\n","protected":false},"excerpt":{"rendered":"<p>&nbsp; Konkursy w roku szkolnym 2025\/2026 Drodzy Pa\u0144stwo, z przyczyn niezale\u017cnych od organizator\u00f3w zmianie uleg\u0142 termin konkursu , o czym informujemy na stronie szko\u0142y (informacja o zmianie terminu zosta\u0142a podana 30.03.2026r.). Jeszcze raz bardzo przepraszamy i zapraszamy 21.04.2026r. o godz. 11.00 do auli szkolnej. \u00a0 I LO w Szczecinie zaprasza uczni\u00f3w\u00a0 klas si\u00f3dmej i \u00f3smej [&hellip;]<\/p>\n","protected":false},"author":1,"featured_media":0,"parent":87,"menu_order":3,"comment_status":"closed","ping_status":"closed","template":"","meta":{"footnotes":""},"class_list":["post-877","page","type-page","status-publish","hentry"],"_links":{"self":[{"href":"https:\/\/lo1.szczecin.pl\/index.php\/wp-json\/wp\/v2\/pages\/877","targetHints":{"allow":["GET"]}}],"collection":[{"href":"https:\/\/lo1.szczecin.pl\/index.php\/wp-json\/wp\/v2\/pages"}],"about":[{"href":"https:\/\/lo1.szczecin.pl\/index.php\/wp-json\/wp\/v2\/types\/page"}],"author":[{"embeddable":true,"href":"https:\/\/lo1.szczecin.pl\/index.php\/wp-json\/wp\/v2\/users\/1"}],"replies":[{"embeddable":true,"href":"https:\/\/lo1.szczecin.pl\/index.php\/wp-json\/wp\/v2\/comments?post=877"}],"version-history":[{"count":64,"href":"https:\/\/lo1.szczecin.pl\/index.php\/wp-json\/wp\/v2\/pages\/877\/revisions"}],"predecessor-version":[{"id":8196,"href":"https:\/\/lo1.szczecin.pl\/index.php\/wp-json\/wp\/v2\/pages\/877\/revisions\/8196"}],"up":[{"embeddable":true,"href":"https:\/\/lo1.szczecin.pl\/index.php\/wp-json\/wp\/v2\/pages\/87"}],"wp:attachment":[{"href":"https:\/\/lo1.szczecin.pl\/index.php\/wp-json\/wp\/v2\/media?parent=877"}],"curies":[{"name":"wp","href":"https:\/\/api.w.org\/{rel}","templated":true}]}}